{"id":8221,"date":"2025-03-10T18:37:03","date_gmt":"2025-03-10T18:37:03","guid":{"rendered":"https:\/\/nabilaexperience.com\/?page_id=8221"},"modified":"2025-04-14T11:06:53","modified_gmt":"2025-04-14T11:06:53","slug":"tenerife-meteo-climat","status":"publish","type":"page","link":"https:\/\/nabilaexperience.com\/fr\/tenerife-meteo-climat\/","title":{"rendered":"M\u00c9T\u00c9O ET CLIMAT"},"content":{"rendered":"<div style=\"height:25px\" aria-hidden=\"true\" class=\"wp-block-spacer\"><\/div>\n\n\n\n<h1 class=\"wp-block-heading has-text-align-center has-x-large-font-size\">M\u00c9T\u00c9O ET CLIMAT<\/h1>\n\n\n\n<div id=\"wp-block-themeisle-blocks-advanced-columns-070458a4\" class=\"wp-block-themeisle-blocks-advanced-columns alignfull has-2-columns has-desktop-oneTwo-layout has-tablet-equal-layout has-mobile-collapsedRows-layout has-vertical-center ticss-c00aadba\"><div class=\"wp-block-themeisle-blocks-advanced-columns-overlay\"><\/div><div class=\"innerblocks-wrap\">\n<div id=\"wp-block-themeisle-blocks-advanced-column-33cbbe90\" class=\"wp-block-themeisle-blocks-advanced-column ticss-b7526724\">\n<div class=\"wp-block-cover is-light ticss-ce3d7efc\"><span aria-hidden=\"true\" class=\"wp-block-cover__background has-background-dim-0 has-background-dim\"><\/span><img fetchpriority=\"high\" decoding=\"async\" width=\"1000\" height=\"667\" class=\"wp-block-cover__image-background wp-image-8048\" alt=\"tenerife weather\" src=\"https:\/\/nabilaexperience.com\/wp-content\/uploads\/2025\/02\/nabila-experience-info-tips-tenerife-teide.webp\" style=\"object-position:30% 50%\" data-object-fit=\"cover\" data-object-position=\"30% 50%\" srcset=\"https:\/\/nabilaexperience.com\/wp-content\/uploads\/2025\/02\/nabila-experience-info-tips-tenerife-teide.webp 1000w, https:\/\/nabilaexperience.com\/wp-content\/uploads\/2025\/02\/nabila-experience-info-tips-tenerife-teide-300x200.webp 300w, https:\/\/nabilaexperience.com\/wp-content\/uploads\/2025\/02\/nabila-experience-info-tips-tenerife-teide-768x512.webp 768w, https:\/\/nabilaexperience.com\/wp-content\/uploads\/2025\/02\/nabila-experience-info-tips-tenerife-teide-18x12.webp 18w, https:\/\/nabilaexperience.com\/wp-content\/uploads\/2025\/02\/nabila-experience-info-tips-tenerife-teide-600x400.webp 600w\" sizes=\"(max-width: 1000px) 100vw, 1000px\" \/><div class=\"wp-block-cover__inner-container is-layout-flow wp-block-cover-is-layout-flow\">\n<p class=\"has-text-align-center has-large-font-size\"><\/p>\n<\/div><\/div>\n<\/div>\n\n\n\n<div id=\"wp-block-themeisle-blocks-advanced-column-bea6f9b4\" class=\"wp-block-themeisle-blocks-advanced-column\">\n<div class=\"wp-block-cover ticss-402da394\"><span aria-hidden=\"true\" class=\"wp-block-cover__background has-background-dim-100 has-background-dim\" style=\"background-color:#02244d\"><\/span><img decoding=\"async\" class=\"wp-block-cover__image-background wp-image-306 lazyload\" alt=\"\" data-src=\"https:\/\/api.themeisle.com\/sites\/images\/cb:otter\/q:auto\/wp-content\/uploads\/sites\/664\/2022\/09\/otter-demo-07.png\" style=\"object-position:41% 0%\" data-object-fit=\"cover\" data-object-position=\"41% 0%\" src=\"data:image\/gif;base64,R0lGODlhAQABAAAAACH5BAEKAAEALAAAAAABAAEAAAICTAEAOw==\" \/><div class=\"wp-block-cover__inner-container is-layout-flow wp-block-cover-is-layout-flow\">\n<h1 class=\"wp-block-heading has-text-align-left has-text-color has-link-color has-x-large-font-size wp-elements-38cd659ef00aac6b883947036b4af054\" style=\"color:#ffbf00\">M\u00c9T\u00c9O ET CLIMAT<\/h1>\n\n\n\n<div style=\"height:25px\" aria-hidden=\"true\" class=\"wp-block-spacer\"><\/div>\n\n\n\n<p>Tenerife est r\u00e9put\u00e9e pour son agr\u00e9able climat de \"printemps \u00e9ternel\", avec des temp\u00e9ratures douces tout au long de l'ann\u00e9e. Cependant, le climat de Tenerife n'est pas uniforme sur toute l'\u00eele. Gr\u00e2ce \u00e0 son paysage volcanique et aux aliz\u00e9s, Tenerife pr\u00e9sente diff\u00e9rents microclimats, ce qui entra\u00eene des conditions m\u00e9t\u00e9orologiques diff\u00e9rentes, m\u00eame sur de courtes distances.<\/p>\n\n\n\n<p>En g\u00e9n\u00e9ral, nous pouvons diviser l'\u00eele en <strong>trois grandes zones climatiques<\/strong>:<\/p>\n\n\n\n<ul class=\"wp-block-list\">\n<li><strong>C\u00d4TE SUD<\/strong> - La partie la plus ensoleill\u00e9e et la plus s\u00e8che de Tenerife, avec des temp\u00e9ratures chaudes tout au long de l'ann\u00e9e et tr\u00e8s peu de pr\u00e9cipitations.<\/li>\n<\/ul>\n\n\n\n<ul class=\"wp-block-list\">\n<li><strong>NORD<\/strong> - Plus vert et plus humide, avec des temp\u00e9ratures l\u00e9g\u00e8rement plus fra\u00eeches et des pluies occasionnelles, surtout en hiver.<\/li>\n<\/ul>\n\n\n\n<ul class=\"wp-block-list\">\n<li><strong>MOUNT TEIDE<\/strong> - En raison de son altitude, le parc national du Teide conna\u00eet des temp\u00e9ratures plus froides, avec parfois de la neige en hiver.<\/li>\n<\/ul>\n\n\n\n<p>L'oc\u00e9an Atlantique joue \u00e9galement un r\u00f4le essentiel dans le climat de T\u00e9n\u00e9riffe. La temp\u00e9rature de l'eau reste agr\u00e9able tout au long de l'ann\u00e9e, allant d'environ 19\u00b0C en hiver \u00e0 24\u00b0C en \u00e9t\u00e9, ce qui permet de se baigner en toute saison.<\/p>\n\n\n\n<p>La calima, un ph\u00e9nom\u00e8ne m\u00e9t\u00e9orologique qui se produit lorsque les vents soufflent depuis le d\u00e9sert du Sahara, peut occasionnellement affecter Tenerife, en particulier pendant les mois d'\u00e9t\u00e9. Il apporte une couche d'air chaud et poussi\u00e9reux qui peut r\u00e9duire la visibilit\u00e9 et augmenter les temp\u00e9ratures, donnant souvent l'impression que l'\u00eele est plus chaude que d'habitude. Il est important de s'hydrater et de se prot\u00e9ger du soleil pendant ces p\u00e9riodes.<\/p>\n\n\n\n<p>Chez Nabila Experience, nous aidons nos clients \u00e0 arriver pr\u00e9par\u00e9s \u00e0 leur aventure \u00e0 T\u00e9n\u00e9riffe. Qu'il s'agisse de conseils pour faire ses valises ou de la fa\u00e7on de s'habiller pour les excursions, les activit\u00e9s quotidiennes et les soir\u00e9es, nous veillerons \u00e0 ce que vous sachiez exactement ce qu'il faut apporter pour profiter pleinement de vos vacances !<\/p>\n\n\n\n<div style=\"height:25px\" aria-hidden=\"true\" class=\"wp-block-spacer\"><\/div>\n\n\n\n<p class=\"has-text-align-center\" style=\"font-size:19px\"><strong>Pr\u00eat \u00e0 d\u00e9couvrir Tenerife en toutes saisons ? Planifiez votre voyage avec nous !<\/strong><\/p>\n\n\n\n<div class=\"wp-block-buttons alignwide is-content-justification-center is-layout-flex wp-container-core-buttons-is-layout-5e6b19ed wp-block-buttons-is-layout-flex\">\n<div class=\"wp-block-button has-custom-font-size\" style=\"font-size:19px\"><a class=\"wp-block-button__link wp-element-button\" href=\"https:\/\/nabilaexperience.com\/fr\/tenerife-excursions-notre-selection\/\" style=\"border-radius:5px\"><strong>EXCURSIONS<\/strong><\/a><\/div>\n\n\n\n<div class=\"wp-block-button has-custom-font-size\" style=\"font-size:19px\"><a class=\"wp-block-button__link wp-element-button\" href=\"https:\/\/nabilaexperience.com\/fr\/tenerife-locations\/\" style=\"border-radius:5px\"><strong>LOCATIONS<\/strong><\/a><\/div>\n<\/div>\n<\/div><\/div>\n<\/div>\n<\/div><\/div>\n\n\n\n<h2 class=\"wp-block-heading alignfull has-text-align-center ticss-e4b7435a has-text-color has-background has-link-color wp-elements-16f890b3a21259f5fede7a08595dd875\" style=\"color:#02244d;background-color:#ffbf00;font-size:31px\">M\u00c9T\u00c9O ET CLIMAT<\/h2>\n\n\n\n<div style=\"height:25px\" aria-hidden=\"true\" class=\"wp-block-spacer\"><\/div>\n\n\n\n<div id=\"wp-block-themeisle-blocks-advanced-columns-08b15238\" class=\"wp-block-themeisle-blocks-advanced-columns alignfull has-3-columns has-desktop-equal-layout has-tablet-equal-layout has-mobile-collapsedRows-layout has-vertical-center ticss-c00aadba\"><div class=\"wp-block-themeisle-blocks-advanced-columns-overlay\"><\/div><div class=\"innerblocks-wrap\">\n<div id=\"wp-block-themeisle-blocks-advanced-column-b57cdb33\" class=\"wp-block-themeisle-blocks-advanced-column\">\n<h2 class=\"wp-block-heading has-text-align-center\" style=\"font-size:25px\"><strong>C\u00d4TE SUD<\/strong><\/h2>\n\n\n\n<figure class=\"wp-block-image size-full\"><img decoding=\"async\" width=\"1440\" height=\"810\" data-src=\"https:\/\/nabilaexperience.com\/wp-content\/uploads\/2025\/03\/beach-5278006_1920-edited.jpg\" alt=\"\" class=\"wp-image-8223 lazyload\" style=\"--smush-placeholder-width: 1440px; --smush-placeholder-aspect-ratio: 1440\/810;aspect-ratio:16\/9;object-fit:cover\" data-srcset=\"https:\/\/nabilaexperience.com\/wp-content\/uploads\/2025\/03\/beach-5278006_1920-edited.jpg 1440w, https:\/\/nabilaexperience.com\/wp-content\/uploads\/2025\/03\/beach-5278006_1920-edited-600x338.jpg 600w, https:\/\/nabilaexperience.com\/wp-content\/uploads\/2025\/03\/beach-5278006_1920-edited-300x169.jpg 300w, https:\/\/nabilaexperience.com\/wp-content\/uploads\/2025\/03\/beach-5278006_1920-edited-1024x576.jpg 1024w, https:\/\/nabilaexperience.com\/wp-content\/uploads\/2025\/03\/beach-5278006_1920-edited-768x432.jpg 768w, https:\/\/nabilaexperience.com\/wp-content\/uploads\/2025\/03\/beach-5278006_1920-edited-18x10.jpg 18w, https:\/\/nabilaexperience.com\/wp-content\/uploads\/2025\/03\/beach-5278006_1920-edited-800x450.jpg 800w\" data-sizes=\"(max-width: 1440px) 100vw, 1440px\" src=\"data:image\/gif;base64,R0lGODlhAQABAAAAACH5BAEKAAEALAAAAAABAAEAAAICTAEAOw==\" \/><\/figure>\n\n\n\n<ul class=\"wp-block-list\">\n<li class=\"ticss-18005d1e\"><strong>Climat<\/strong>: Ensoleill\u00e9 et sec<\/li>\n<\/ul>\n\n\n\n<ul class=\"wp-block-list ticss-0f2e2d95\">\n<li class=\"ticss-14edfd13\"><strong>Temp\u00e9ratures moyennes<\/strong>:\n<ul class=\"wp-block-list\">\n<li><strong>Hiver<\/strong>: 18\u00b0C - 22\u00b0C, doux et ensoleill\u00e9, peu de pluie<\/li>\n\n\n\n<li><strong>Printemps<\/strong>: 19\u00b0C - 23\u00b0C, agr\u00e9able et chaud<\/li>\n\n\n\n<li><strong>\u00c9t\u00e9<\/strong>22\u00b0C - 28\u00b0C, chaud et sec<\/li>\n\n\n\n<li><strong>Automne<\/strong>: 21\u00b0C - 27\u00b0C, chaud, peu de pluie<\/li>\n<\/ul>\n<\/li>\n<\/ul>\n\n\n\n<ul class=\"wp-block-list ticss-87288943\">\n<li class=\"ticss-59478e0a\"><strong>Pr\u00e9cipitations<\/strong>: Rares et faibles (moins de 200 mm\/an)<\/li>\n<\/ul>\n\n\n\n<ul class=\"wp-block-list ticss-b3a01fb3\">\n<li class=\"ticss-f9a2a18f\"><strong>Caract\u00e9ristiques<\/strong>: La partie la plus chaude et la plus s\u00e8che de l'\u00eele, avec des \u00e9t\u00e9s chauds et des hivers doux.<\/li>\n<\/ul>\n\n\n\n<p class=\"has-text-align-center ticss-f0fbee2b\"><strong>La destination id\u00e9ale pour les amateurs de soleil et de plage. Avec un climat chaud tout au long de l'ann\u00e9e, cette r\u00e9gion b\u00e9n\u00e9ficie de conditions s\u00e8ches et ensoleill\u00e9es pendant la majeure partie de l'ann\u00e9e, ce qui la rend id\u00e9ale pour les activit\u00e9s de plein air, les journ\u00e9es \u00e0 la plage et les aventures.<\/strong><\/p>\n\n\n<p><iframe name=\"iframe_aemet_id33044\" width=\"100%\" height=\"100%\" tabindex=\"0\" id=\"iframe_aemet_id33044\" data-src=\"https:\/\/www.aemet.es\/en\/eltiempo\/prediccion\/municipios\/mostrarwidget\/adeje-id38001?w=g4p01111111ohmffffffw463z295x003366t6699ccr1s8n2\" frameborder=\"0\" scrolling=\"si\" src=\"data:image\/gif;base64,R0lGODlhAQABAAAAACH5BAEKAAEALAAAAAABAAEAAAICTAEAOw==\" class=\"lazyload\" data-load-mode=\"1\"><\/iframe><\/p>\n\n\n\n<div style=\"height:15px\" aria-hidden=\"true\" class=\"wp-block-spacer\"><\/div>\n\n\n\n<div class=\"wp-block-cover is-light has-custom-content-position is-position-top-center ticss-4bb9da54\"><span aria-hidden=\"true\" class=\"wp-block-cover__background has-white-background-color has-background-dim-0 has-background-dim\"><\/span><img decoding=\"async\" width=\"800\" height=\"533\" class=\"wp-block-cover__image-background wp-image-7888 lazyload\" alt=\"\" data-src=\"https:\/\/nabilaexperience.com\/wp-content\/uploads\/2025\/02\/nabila-experience-tenerife-excursions-whale-watching.webp\" style=\"--smush-placeholder-width: 800px; --smush-placeholder-aspect-ratio: 800\/533;object-position:60% 50%\" data-object-fit=\"cover\" data-object-position=\"60% 50%\" data-srcset=\"https:\/\/nabilaexperience.com\/wp-content\/uploads\/2025\/02\/nabila-experience-tenerife-excursions-whale-watching.webp 800w, https:\/\/nabilaexperience.com\/wp-content\/uploads\/2025\/02\/nabila-experience-tenerife-excursions-whale-watching-300x200.webp 300w, https:\/\/nabilaexperience.com\/wp-content\/uploads\/2025\/02\/nabila-experience-tenerife-excursions-whale-watching-768x512.webp 768w, https:\/\/nabilaexperience.com\/wp-content\/uploads\/2025\/02\/nabila-experience-tenerife-excursions-whale-watching-18x12.webp 18w, https:\/\/nabilaexperience.com\/wp-content\/uploads\/2025\/02\/nabila-experience-tenerife-excursions-whale-watching-600x400.webp 600w\" data-sizes=\"(max-width: 800px) 100vw, 800px\" src=\"data:image\/gif;base64,R0lGODlhAQABAAAAACH5BAEKAAEALAAAAAABAAEAAAICTAEAOw==\" \/><div class=\"wp-block-cover__inner-container is-layout-flow wp-block-cover-is-layout-flow\">\n<p class=\"has-text-align-center has-text-color has-link-color wp-elements-a8841300c2c51f7c30d0ae173411c885\" style=\"color:#02244d;font-size:35px\"><strong>EXCURSION EN BATEAU<\/strong><\/p>\n\n\n\n<div style=\"height:250px\" aria-hidden=\"true\" class=\"wp-block-spacer\"><\/div>\n\n\n\n<div class=\"wp-block-buttons is-content-justification-center is-layout-flex wp-container-core-buttons-is-layout-5e6b19ed wp-block-buttons-is-layout-flex\" style=\"text-transform:none\">\n<div class=\"wp-block-button has-custom-font-size\" style=\"font-size:17px\"><a class=\"wp-block-button__link has-luminous-vivid-amber-background-color has-text-color has-background has-link-color wp-element-button\" href=\"https:\/\/nabilaexperience.com\/fr\/experiences\/excursion-en-voilier-observation-des-baleines\/\" style=\"border-radius:5px;color:#02244d\"><strong>\u00c0 partir de 40\u20ac par personne<\/strong><\/a><\/div>\n<\/div>\n<\/div><\/div>\n\n\n\n<div style=\"height:15px\" aria-hidden=\"true\" class=\"wp-block-spacer\"><\/div>\n\n\n\n<hr class=\"wp-block-separator has-text-color has-white-color has-alpha-channel-opacity has-white-background-color has-background is-style-dots\"\/>\n\n\n\n<div style=\"height:15px\" aria-hidden=\"true\" class=\"wp-block-spacer\"><\/div>\n<\/div>\n\n\n\n<div id=\"wp-block-themeisle-blocks-advanced-column-eefb8312\" class=\"wp-block-themeisle-blocks-advanced-column\">\n<h2 class=\"wp-block-heading has-text-align-center\" style=\"font-size:25px\"><strong>NORD<\/strong><\/h2>\n\n\n\n<figure class=\"wp-block-image size-large\"><img decoding=\"async\" width=\"1024\" height=\"683\" data-src=\"https:\/\/nabilaexperience.com\/wp-content\/uploads\/2025\/02\/Mirador-1500x1030-1-1024x683.png\" alt=\"\" class=\"wp-image-7297 lazyload\" style=\"--smush-placeholder-width: 1024px; --smush-placeholder-aspect-ratio: 1024\/683;aspect-ratio:16\/9;object-fit:cover\" data-srcset=\"https:\/\/nabilaexperience.com\/wp-content\/uploads\/2025\/02\/Mirador-1500x1030-1-1024x683.png 1024w, https:\/\/nabilaexperience.com\/wp-content\/uploads\/2025\/02\/Mirador-1500x1030-1-300x200.png 300w, https:\/\/nabilaexperience.com\/wp-content\/uploads\/2025\/02\/Mirador-1500x1030-1-600x400.png 600w, https:\/\/nabilaexperience.com\/wp-content\/uploads\/2025\/02\/Mirador-1500x1030-1-768x512.png 768w, https:\/\/nabilaexperience.com\/wp-content\/uploads\/2025\/02\/Mirador-1500x1030-1.png 1500w\" data-sizes=\"(max-width: 1024px) 100vw, 1024px\" src=\"data:image\/gif;base64,R0lGODlhAQABAAAAACH5BAEKAAEALAAAAAABAAEAAAICTAEAOw==\" \/><\/figure>\n\n\n\n<ul class=\"wp-block-list\">\n<li class=\"ticss-18005d1e\"><strong>Climat<\/strong>: Plus humide et plus vert<\/li>\n<\/ul>\n\n\n\n<ul class=\"wp-block-list ticss-0f2e2d95\">\n<li class=\"ticss-14edfd13\"><strong>Temp\u00e9ratures moyennes<\/strong>:\n<ul class=\"wp-block-list\">\n<li><strong>Hiver<\/strong>: 15\u00b0C - 20\u00b0C, frais avec plus de pluie<\/li>\n\n\n\n<li><strong>Printemps<\/strong>: 16\u00b0C - 21\u00b0C, doux avec des pluies occasionnelles<\/li>\n\n\n\n<li><strong>\u00c9t\u00e9<\/strong>: 18\u00b0C - 24\u00b0C, chaud avec pluies occasionnelles<\/li>\n\n\n\n<li><strong>Automne<\/strong>: 17\u00b0C - 23\u00b0C, doux et similaire au printemps<\/li>\n<\/ul>\n<\/li>\n<\/ul>\n\n\n\n<ul class=\"wp-block-list ticss-87288943\">\n<li class=\"ticss-59478e0a\"><strong>Pr\u00e9cipitations<\/strong>: plus fr\u00e9quentes, surtout en hiver (600-800 mm\/an)<\/li>\n<\/ul>\n\n\n\n<ul class=\"wp-block-list ticss-b3a01fb3\">\n<li class=\"ticss-f9a2a18f\"><strong>Caract\u00e9ristiques<\/strong>: V\u00e9g\u00e9tation luxuriante, pr\u00e9cipitations r\u00e9guli\u00e8res en hiver, plus frais que le Sud.<\/li>\n<\/ul>\n\n\n\n<p class=\"has-text-align-center ticss-f0fbee2b\"><strong>Plus frais et plus vert, avec des pr\u00e9cipitations plus fr\u00e9quentes et une brise agr\u00e9able. <strong>Id\u00e9al pour les amoureux de la nature<\/strong> et ceux qui recherchent un climat plus temp\u00e9r\u00e9, des paysages luxuriants, une v\u00e9g\u00e9tation abondante et une atmosph\u00e8re paisible propice \u00e0 la d\u00e9tente.<\/strong><\/p>\n\n\n<p><iframe name=\"iframe_aemet_id33044\" width=\"100%\" height=\"100%\" tabindex=\"0\" id=\"iframe_aemet_id33044\" data-src=\"https:\/\/www.aemet.es\/en\/eltiempo\/prediccion\/municipios\/mostrarwidget\/santa-cruz-de-tenerife-id38038?w=g4p01111111ohmffffffw459z295x003366t6699ccr1s8n2\" frameborder=\"0\" scrolling=\"si\" src=\"data:image\/gif;base64,R0lGODlhAQABAAAAACH5BAEKAAEALAAAAAABAAEAAAICTAEAOw==\" class=\"lazyload\" data-load-mode=\"1\"><\/iframe><\/p>\n\n\n\n<div style=\"height:15px\" aria-hidden=\"true\" class=\"wp-block-spacer\"><\/div>\n\n\n\n<div class=\"wp-block-cover is-light has-custom-content-position is-position-top-center ticss-888d9bec\"><span aria-hidden=\"true\" class=\"wp-block-cover__background has-background-dim-0 has-background-dim\"><\/span><img decoding=\"async\" width=\"2560\" height=\"1707\" class=\"wp-block-cover__image-background wp-image-7277 lazyload\" alt=\"\" data-src=\"https:\/\/nabilaexperience.com\/wp-content\/uploads\/2025\/02\/Teresitas-scaled.jpg\" style=\"--smush-placeholder-width: 2560px; --smush-placeholder-aspect-ratio: 2560\/1707;object-position:50% 0%\" data-object-fit=\"cover\" data-object-position=\"50% 0%\" data-srcset=\"https:\/\/nabilaexperience.com\/wp-content\/uploads\/2025\/02\/Teresitas-scaled.jpg 2560w, https:\/\/nabilaexperience.com\/wp-content\/uploads\/2025\/02\/Teresitas-300x200.jpg 300w, https:\/\/nabilaexperience.com\/wp-content\/uploads\/2025\/02\/Teresitas-scaled-600x400.jpg 600w, https:\/\/nabilaexperience.com\/wp-content\/uploads\/2025\/02\/Teresitas-1024x683.jpg 1024w, https:\/\/nabilaexperience.com\/wp-content\/uploads\/2025\/02\/Teresitas-768x512.jpg 768w, https:\/\/nabilaexperience.com\/wp-content\/uploads\/2025\/02\/Teresitas-1536x1024.jpg 1536w, https:\/\/nabilaexperience.com\/wp-content\/uploads\/2025\/02\/Teresitas-2048x1365.jpg 2048w\" data-sizes=\"(max-width: 2560px) 100vw, 2560px\" src=\"data:image\/gif;base64,R0lGODlhAQABAAAAACH5BAEKAAEALAAAAAABAAEAAAICTAEAOw==\" \/><div class=\"wp-block-cover__inner-container is-layout-flow wp-block-cover-is-layout-flow\">\n<p class=\"has-text-align-center has-text-color has-link-color wp-elements-164343feca3b4d6ee7ffbd49426b739e\" style=\"color:#02244d;font-size:35px\"><strong>TOUR PRIV\u00c9<\/strong><\/p>\n\n\n\n<div style=\"height:250px\" aria-hidden=\"true\" class=\"wp-block-spacer\"><\/div>\n\n\n\n<div class=\"wp-block-buttons is-content-justification-center is-layout-flex wp-container-core-buttons-is-layout-5e6b19ed wp-block-buttons-is-layout-flex\">\n<div class=\"wp-block-button has-custom-font-size\" style=\"font-size:17px\"><a class=\"wp-block-button__link has-luminous-vivid-amber-background-color has-text-color has-background has-link-color wp-element-button\" href=\"https:\/\/nabilaexperience.com\/fr\/experiences\/visite-privee-personnalisable\/\" style=\"border-radius:5px;color:#02244d\"><strong>\u00c0 partir de 98 \u20ac par personne<\/strong><\/a><\/div>\n<\/div>\n<\/div><\/div>\n\n\n\n<div style=\"height:15px\" aria-hidden=\"true\" class=\"wp-block-spacer\"><\/div>\n\n\n\n<hr class=\"wp-block-separator has-text-color has-white-color has-alpha-channel-opacity has-white-background-color has-background is-style-dots\"\/>\n\n\n\n<div style=\"height:15px\" aria-hidden=\"true\" class=\"wp-block-spacer\"><\/div>\n<\/div>\n\n\n\n<div id=\"wp-block-themeisle-blocks-advanced-column-9136d16a\" class=\"wp-block-themeisle-blocks-advanced-column\">\n<h2 class=\"wp-block-heading has-text-align-center\" style=\"font-size:25px\"><strong>MOUNT TEIDE<\/strong><\/h2>\n\n\n\n<figure class=\"wp-block-image size-large\"><img decoding=\"async\" width=\"1024\" height=\"683\" data-src=\"https:\/\/nabilaexperience.com\/wp-content\/uploads\/2024\/05\/TEIDE-1-1024x683.jpg\" alt=\"\" class=\"wp-image-4117 lazyload\" style=\"--smush-placeholder-width: 1024px; --smush-placeholder-aspect-ratio: 1024\/683;aspect-ratio:16\/9;object-fit:cover\" data-srcset=\"https:\/\/nabilaexperience.com\/wp-content\/uploads\/2024\/05\/TEIDE-1-1024x683.jpg 1024w, https:\/\/nabilaexperience.com\/wp-content\/uploads\/2024\/05\/TEIDE-1-300x200.jpg 300w, https:\/\/nabilaexperience.com\/wp-content\/uploads\/2024\/05\/TEIDE-1-scaled-600x400.jpg 600w, https:\/\/nabilaexperience.com\/wp-content\/uploads\/2024\/05\/TEIDE-1-768x512.jpg 768w, https:\/\/nabilaexperience.com\/wp-content\/uploads\/2024\/05\/TEIDE-1-1536x1024.jpg 1536w, https:\/\/nabilaexperience.com\/wp-content\/uploads\/2024\/05\/TEIDE-1-2048x1365.jpg 2048w, https:\/\/nabilaexperience.com\/wp-content\/uploads\/2024\/05\/TEIDE-1-174x116.jpg 174w\" data-sizes=\"(max-width: 1024px) 100vw, 1024px\" src=\"data:image\/gif;base64,R0lGODlhAQABAAAAACH5BAEKAAEALAAAAAABAAEAAAICTAEAOw==\" \/><\/figure>\n\n\n\n<ul class=\"wp-block-list\">\n<li class=\"ticss-18005d1e\"><strong>Climat<\/strong>: Froid et alpin<\/li>\n<\/ul>\n\n\n\n<ul class=\"wp-block-list ticss-0f2e2d95\">\n<li class=\"ticss-14edfd13\"><strong>Temp\u00e9ratures moyennes<\/strong>:\n<ul class=\"wp-block-list\">\n<li><strong>Hiver<\/strong>: 0\u00b0C - 6\u00b0C, froid et neige possibles<\/li>\n\n\n\n<li><strong>Printemps<\/strong>: 4\u00b0C - 9\u00b0C, froid, avec parfois de la neige<\/li>\n\n\n\n<li><strong>\u00c9t\u00e9<\/strong>6\u00b0C - 12\u00b0C, frais pendant la journ\u00e9e<\/li>\n\n\n\n<li><strong>Automne<\/strong>: 4\u00b0C - 10\u00b0C, frais, avec possibilit\u00e9 de pluie<\/li>\n<\/ul>\n<\/li>\n<\/ul>\n\n\n\n<ul class=\"wp-block-list ticss-87288943\">\n<li class=\"ticss-59478e0a\"><strong>Pr\u00e9cipitations<\/strong>: Pluie occasionnelle, neige en hiver<\/li>\n<\/ul>\n\n\n\n<ul class=\"wp-block-list ticss-b3a01fb3\">\n<li class=\"ticss-f9a2a18f\"><strong>Caract\u00e9ristiques<\/strong>: Climat froid d\u00fb \u00e0 l'altitude \u00e9lev\u00e9e, avec de la neige en hiver et des temp\u00e9ratures plus fra\u00eeches tout au long de l'ann\u00e9e.<\/li>\n<\/ul>\n\n\n\n<p class=\"has-text-align-center ticss-f0fbee2b\"><strong>R\u00e9gion la plus froide, avec des chutes de neige en hiver et des temp\u00e9ratures estivales plus fra\u00eeches. Cette r\u00e9gion est id\u00e9ale pour les randonn\u00e9es et les panoramas, mais les visiteurs doivent \u00eatre pr\u00e9par\u00e9s \u00e0 des changements de temp\u00e9rature importants tout au long de l'ann\u00e9e.<\/strong><\/p>\n\n\n<p><iframe name=\"iframe_aemet_id33044\" width=\"100%\" height=\"100%\" tabindex=\"0\" id=\"iframe_aemet_id33044\" data-src=\"https:\/\/www.aemet.es\/en\/eltiempo\/prediccion\/municipios\/mostrarwidget\/santiago-del-teide-id38040?w=g4p01111110ohmffffffw459z292x003366t6699ccr1s8n2\" frameborder=\"0\" scrolling=\"si\" src=\"data:image\/gif;base64,R0lGODlhAQABAAAAACH5BAEKAAEALAAAAAABAAEAAAICTAEAOw==\" class=\"lazyload\" data-load-mode=\"1\"><\/iframe><\/p>\n\n\n\n<div style=\"height:15px\" aria-hidden=\"true\" class=\"wp-block-spacer\"><\/div>\n\n\n\n<div class=\"wp-block-cover has-custom-content-position is-position-top-center ticss-888d9bec\"><span aria-hidden=\"true\" class=\"wp-block-cover__background has-background-dim-0 has-background-dim\" style=\"background-color:#4d6c93\"><\/span><img decoding=\"async\" width=\"853\" height=\"569\" class=\"wp-block-cover__image-background wp-image-4432 lazyload\" alt=\"\" data-src=\"https:\/\/nabilaexperience.com\/wp-content\/uploads\/2024\/05\/145-5.jpg\" style=\"--smush-placeholder-width: 853px; --smush-placeholder-aspect-ratio: 853\/569;object-position:90% 50%\" data-object-fit=\"cover\" data-object-position=\"90% 50%\" data-srcset=\"https:\/\/nabilaexperience.com\/wp-content\/uploads\/2024\/05\/145-5.jpg 853w, https:\/\/nabilaexperience.com\/wp-content\/uploads\/2024\/05\/145-5-300x200.jpg 300w, https:\/\/nabilaexperience.com\/wp-content\/uploads\/2024\/05\/145-5-600x400.jpg 600w, https:\/\/nabilaexperience.com\/wp-content\/uploads\/2024\/05\/145-5-768x512.jpg 768w, https:\/\/nabilaexperience.com\/wp-content\/uploads\/2024\/05\/145-5-174x116.jpg 174w\" data-sizes=\"(max-width: 853px) 100vw, 853px\" src=\"data:image\/gif;base64,R0lGODlhAQABAAAAACH5BAEKAAEALAAAAAABAAEAAAICTAEAOw==\" \/><div class=\"wp-block-cover__inner-container is-layout-flow wp-block-cover-is-layout-flow\">\n<p class=\"has-text-align-center has-text-color has-link-color wp-elements-aeba4bfeae5abfea3389a6d1cf6b64f7\" style=\"color:#02244d;font-size:35px\"><strong>TEIDE EN QUAD<\/strong><\/p>\n\n\n\n<div style=\"height:250px\" aria-hidden=\"true\" class=\"wp-block-spacer\"><\/div>\n\n\n\n<div class=\"wp-block-buttons is-content-justification-center is-layout-flex wp-container-core-buttons-is-layout-5e6b19ed wp-block-buttons-is-layout-flex\">\n<div class=\"wp-block-button has-custom-font-size\" style=\"font-size:17px\"><a class=\"wp-block-button__link has-luminous-vivid-amber-background-color has-text-color has-background has-link-color wp-element-button\" href=\"https:\/\/nabilaexperience.com\/fr\/experiences\/quad-teide-tour-jour-ou-coucher-de-soleil\/\" style=\"border-radius:5px;color:#02244d\"><strong>\u00c0 partir de 130\u20ac par quad<\/strong><\/a><\/div>\n<\/div>\n<\/div><\/div>\n\n\n\n<div style=\"height:15px\" aria-hidden=\"true\" class=\"wp-block-spacer\"><\/div>\n\n\n\n<hr class=\"wp-block-separator has-text-color has-white-color has-alpha-channel-opacity has-white-background-color has-background is-style-dots\"\/>\n\n\n\n<div style=\"height:15px\" aria-hidden=\"true\" class=\"wp-block-spacer\"><\/div>\n<\/div>\n<\/div><\/div>\n\n\n\n<h2 class=\"wp-block-heading alignfull has-text-align-center ticss-e4b7435a has-text-color has-background has-link-color wp-elements-baade60e105bac0f4f9b958332656a17\" style=\"color:#02244d;background-color:#ffbf00;font-size:31px\">TEMP\u00c9RATURE DE L'OC\u00c9AN<\/h2>\n\n\n\n<div id=\"wp-block-themeisle-blocks-advanced-columns-85f42d6e\" class=\"wp-block-themeisle-blocks-advanced-columns alignfull has-2-columns has-desktop-oneTwo-layout has-tablet-equal-layout has-mobile-collapsedRows-layout has-vertical-center\"><div class=\"wp-block-themeisle-blocks-advanced-columns-overlay\"><\/div><div class=\"innerblocks-wrap\">\n<div id=\"wp-block-themeisle-blocks-advanced-column-b7526724\" class=\"wp-block-themeisle-blocks-advanced-column ticss-b7526724\">\n<div class=\"wp-block-cover ticss-ce3d7efc\"><span aria-hidden=\"true\" class=\"wp-block-cover__background has-background-dim-0 has-background-dim\"><\/span><img decoding=\"async\" width=\"2000\" height=\"1334\" class=\"wp-block-cover__image-background wp-image-4555 lazyload\" alt=\"SNORKELING\" data-src=\"https:\/\/nabilaexperience.com\/wp-content\/uploads\/2024\/05\/GOPR6384.png\" data-object-fit=\"cover\" data-srcset=\"https:\/\/nabilaexperience.com\/wp-content\/uploads\/2024\/05\/GOPR6384.png 2000w, https:\/\/nabilaexperience.com\/wp-content\/uploads\/2024\/05\/GOPR6384-300x200.png 300w, https:\/\/nabilaexperience.com\/wp-content\/uploads\/2024\/05\/GOPR6384-600x400.png 600w, https:\/\/nabilaexperience.com\/wp-content\/uploads\/2024\/05\/GOPR6384-1024x683.png 1024w, https:\/\/nabilaexperience.com\/wp-content\/uploads\/2024\/05\/GOPR6384-768x512.png 768w, https:\/\/nabilaexperience.com\/wp-content\/uploads\/2024\/05\/GOPR6384-1536x1025.png 1536w, https:\/\/nabilaexperience.com\/wp-content\/uploads\/2024\/05\/GOPR6384-174x116.png 174w\" data-sizes=\"(max-width: 2000px) 100vw, 2000px\" src=\"data:image\/gif;base64,R0lGODlhAQABAAAAACH5BAEKAAEALAAAAAABAAEAAAICTAEAOw==\" style=\"--smush-placeholder-width: 2000px; --smush-placeholder-aspect-ratio: 2000\/1334;\" \/><div class=\"wp-block-cover__inner-container is-layout-flow wp-block-cover-is-layout-flow\">\n<p class=\"has-text-align-center has-large-font-size\"><\/p>\n<\/div><\/div>\n<\/div>\n\n\n\n<div id=\"wp-block-themeisle-blocks-advanced-column-46d7aefc\" class=\"wp-block-themeisle-blocks-advanced-column\">\n<div class=\"wp-block-cover ticss-402da394\"><span aria-hidden=\"true\" class=\"wp-block-cover__background has-background-dim-100 has-background-dim\" style=\"background-color:#02244d\"><\/span><img decoding=\"async\" class=\"wp-block-cover__image-background wp-image-306 lazyload\" alt=\"\" data-src=\"https:\/\/api.themeisle.com\/sites\/images\/cb:otter\/q:auto\/wp-content\/uploads\/sites\/664\/2022\/09\/otter-demo-07.png\" style=\"object-position:41% 0%\" data-object-fit=\"cover\" data-object-position=\"41% 0%\" src=\"data:image\/gif;base64,R0lGODlhAQABAAAAACH5BAEKAAEALAAAAAABAAEAAAICTAEAOw==\" \/><div class=\"wp-block-cover__inner-container is-layout-flow wp-block-cover-is-layout-flow\">\n<p>Les eaux atlantiques de Tenerife restent accueillantes toute l'ann\u00e9e, avec des temp\u00e9ratures allant de 19\u00b0C en hiver \u00e0 24\u00b0C en \u00e9t\u00e9. Gr\u00e2ce au climat doux de l'\u00eele, la baignade, la plong\u00e9e avec tuba et d'autres activit\u00e9s nautiques sont possibles en toute saison.<\/p>\n\n\n\n<ul class=\"wp-block-list\">\n<li><strong>Hiver (d\u00e9cembre-f\u00e9vrier) :<\/strong> Eaux plus fra\u00eeches autour de 19-20\u00b0C. Une combinaison est recommand\u00e9e pour les longues baignades.<\/li>\n\n\n\n<li><strong>Printemps (mars-mai) :<\/strong> R\u00e9chauffement progressif, atteignant 20-21\u00b0C. Confortable pour la plupart des nageurs.<\/li>\n\n\n\n<li><strong>\u00c9t\u00e9 (juin-ao\u00fbt) :<\/strong> Temp\u00e9ratures maximales entre 22 et 24\u00b0C, parfaites pour les activit\u00e9s nautiques.<\/li>\n\n\n\n<li><strong>Automne (Sep-Nov) :<\/strong> Il fait encore chaud, autour de 22-23\u00b0C, id\u00e9al pour les longues journ\u00e9es \u00e0 la plage.<\/li>\n<\/ul>\n\n\n\n<p>Les courants marins et les mar\u00e9es peuvent l\u00e9g\u00e8rement influencer la temp\u00e9rature, en particulier le long des diff\u00e9rentes c\u00f4tes. Que vous envisagiez une baignade rafra\u00eechissante ou une aventure marine passionnante, les eaux de T\u00e9n\u00e9rife sont pr\u00eates \u00e0 vous accueillir !<\/p>\n\n\n\n<div style=\"height:15px\" aria-hidden=\"true\" class=\"wp-block-spacer\"><\/div>\n\n\n\n<div class=\"wp-block-buttons alignwide is-content-justification-center is-layout-flex wp-container-core-buttons-is-layout-5e6b19ed wp-block-buttons-is-layout-flex\">\n<div class=\"wp-block-button has-custom-font-size\" style=\"font-size:19px\"><a class=\"wp-block-button__link wp-element-button\" href=\"https:\/\/nabilaexperience.com\/fr\/activites-nautiques-tenerife\/\" style=\"border-radius:5px\"><strong>ACTIVIT\u00c9S AQUATIQUES<\/strong><\/a><\/div>\n<\/div>\n<\/div><\/div>\n<\/div>\n<\/div><\/div>\n\n\n\n<h2 class=\"wp-block-heading alignfull has-text-align-center ticss-e4b7435a has-text-color has-background has-link-color wp-elements-d39adff93ba89e13fb6343b8306731fd\" style=\"color:#02244d;background-color:#ffbf00;font-size:31px\"><strong>FAQ<\/strong><\/h2>\n\n\n\n<div id=\"wp-block-themeisle-blocks-accordion-ab94825c\" data-has-schema=\"false\" class=\"wp-block-themeisle-blocks-accordion exclusive no-gap  is-style-default\">\n<details class=\"wp-block-themeisle-blocks-accordion-item\"><summary class=\"wp-block-themeisle-blocks-accordion-item__title\"><div><strong>Quels sont les sites Internet les plus fiables pour consulter la m\u00e9t\u00e9o \u00e0 Tenerife ?<\/strong><\/div><\/summary><div class=\"wp-block-themeisle-blocks-accordion-item__content\">\n<p>Pour des pr\u00e9visions m\u00e9t\u00e9orologiques pr\u00e9cises et actualis\u00e9es \u00e0 Tenerife, nous vous recommandons de consulter :<\/p>\n\n\n\n<ul class=\"wp-block-list\">\n<li><strong>AEMET<\/strong> (Agence m\u00e9t\u00e9orologique espagnole) - <a href=\"https:\/\/www.aemet.es\/\">www.aemet.es<\/a><\/li>\n\n\n\n<li><strong>MeteoBlue<\/strong> - <a href=\"https:\/\/www.meteoblue.com\/\">www.meteoblue.com<\/a><\/li>\n\n\n\n<li><strong>Windy<\/strong> - <a href=\"https:\/\/www.windy.com\/\">www.windy.com<\/a> (id\u00e9al pour le vent et la couverture nuageuse)<\/li>\n<\/ul>\n\n\n\n<p>Ces sources fournissent des mises \u00e0 jour en temps r\u00e9el et des pr\u00e9visions d\u00e9taill\u00e9es, vous aidant \u00e0 planifier vos activit\u00e9s en fonction des derni\u00e8res conditions m\u00e9t\u00e9orologiques.<\/p>\n<\/div><\/details>\n\n\n\n<details class=\"wp-block-themeisle-blocks-accordion-item\"><summary class=\"wp-block-themeisle-blocks-accordion-item__title\"><div><strong><strong>PUIS-JE CONSULTER LA M\u00c9T\u00c9O EN TEMPS R\u00c9EL ?<\/strong><\/strong><\/div><\/summary><div class=\"wp-block-themeisle-blocks-accordion-item__content\">\n<p>Oui, vous pouvez v\u00e9rifier les conditions m\u00e9t\u00e9orologiques en temps r\u00e9el en visitant la page de notre webcam en direct. Cliquez sur <a href=\"https:\/\/nabilaexperience.com\/fr\/tenerife-cameras-direct\/\" title=\"CAM\u00c9RAS EN DIRECT\">ici<\/a> pour conna\u00eetre le temps qu'il fait actuellement \u00e0 Tenerife !<\/p>\n<\/div><\/details>\n\n\n\n<details class=\"wp-block-themeisle-blocks-accordion-item\"><summary class=\"wp-block-themeisle-blocks-accordion-item__title\"><div><strong>Quel est le temps qu'il fait \u00e0 T\u00e9n\u00e9rife tout au long de l'ann\u00e9e ?<\/strong><\/div><\/summary><div class=\"wp-block-themeisle-blocks-accordion-item__content\">\n<p>Tenerife conna\u00eet des temp\u00e9ratures douces tout au long de l'ann\u00e9e, avec des \u00e9t\u00e9s chauds et des hivers doux. Le sud est plus ensoleill\u00e9 et plus sec, tandis que le nord est plus vert et plus humide.<\/p>\n<\/div><\/details>\n\n\n\n<details class=\"wp-block-themeisle-blocks-accordion-item\"><summary class=\"wp-block-themeisle-blocks-accordion-item__title\"><div><strong>Pleut-il beaucoup \u00e0 T\u00e9n\u00e9rife ?<\/strong><\/div><\/summary><div class=\"wp-block-themeisle-blocks-accordion-item__content\">\n<p>Les pluies sont rares sur la c\u00f4te sud, mais plus fr\u00e9quentes dans le nord, surtout en hiver. Dans l'ensemble, l'\u00eele b\u00e9n\u00e9ficie d'un climat sec par rapport \u00e0 de nombreuses destinations europ\u00e9ennes.<\/p>\n<\/div><\/details>\n\n\n\n<details class=\"wp-block-themeisle-blocks-accordion-item\"><summary class=\"wp-block-themeisle-blocks-accordion-item__title\"><div><strong>Quelle est la meilleure p\u00e9riode pour visiter T\u00e9n\u00e9rife par beau temps ?<\/strong><\/div><\/summary><div class=\"wp-block-themeisle-blocks-accordion-item__content\">\n<p>Tenerife est une destination qui dure toute l'ann\u00e9e, mais pour un ensoleillement garanti, les meilleurs mois vont de mai \u00e0 octobre. Les mois d'hiver sont encore chauds, mais les pluies occasionnelles sont plus fr\u00e9quentes dans le nord.<\/p>\n<\/div><\/details>\n\n\n\n<details class=\"wp-block-themeisle-blocks-accordion-item\"><summary class=\"wp-block-themeisle-blocks-accordion-item__title\"><div><strong>Fait-il assez chaud pour nager dans l'oc\u00e9an toute l'ann\u00e9e ?<\/strong><\/div><\/summary><div class=\"wp-block-themeisle-blocks-accordion-item__content\">\n<p>Oui ! L'oc\u00e9an Atlantique autour de T\u00e9n\u00e9rife reste entre 19\u00b0C et 24\u00b0C, ce qui permet de se baigner m\u00eame en hiver.<\/p>\n<\/div><\/details>\n\n\n\n<details class=\"wp-block-themeisle-blocks-accordion-item\"><summary class=\"wp-block-themeisle-blocks-accordion-item__title\"><div><strong>Combien fait-il froid sur le mont Teide ?<\/strong><\/div><\/summary><div class=\"wp-block-themeisle-blocks-accordion-item__content\">\n<p>Le mont Teide peut \u00eatre tr\u00e8s froid, surtout en hiver, avec des temp\u00e9ratures inf\u00e9rieures \u00e0 z\u00e9ro et des chutes de neige occasionnelles. Il est pr\u00e9f\u00e9rable d'apporter des v\u00eatements chauds si vous pr\u00e9voyez de le visiter.<\/p>\n<\/div><\/details>\n\n\n\n<details class=\"wp-block-themeisle-blocks-accordion-item\"><summary class=\"wp-block-themeisle-blocks-accordion-item__title\"><div><strong>Fait-il tr\u00e8s chaud \u00e0 T\u00e9n\u00e9rife en \u00e9t\u00e9 ?<\/strong><\/div><\/summary><div class=\"wp-block-themeisle-blocks-accordion-item__content\">\n<p>Les \u00e9t\u00e9s sont chauds mais pas extr\u00eames, g\u00e9n\u00e9ralement entre 25\u00b0C et 30\u00b0C. La brise oc\u00e9anique maintient des temp\u00e9ratures agr\u00e9ables, en particulier sur la c\u00f4te.<\/p>\n<\/div><\/details>\n\n\n\n<details class=\"wp-block-themeisle-blocks-accordion-item\"><summary class=\"wp-block-themeisle-blocks-accordion-item__title\"><div><strong>Les soir\u00e9es \u00e0 T\u00e9n\u00e9rife sont-elles froides ?<\/strong><\/div><\/summary><div class=\"wp-block-themeisle-blocks-accordion-item__content\">\n<p>Les soir\u00e9es sont g\u00e9n\u00e9ralement douces, mais en hiver, les temp\u00e9ratures peuvent descendre jusqu'\u00e0 15\u00b0C environ. Une veste l\u00e9g\u00e8re ou un pull est recommand\u00e9, surtout dans le nord ou en altitude.<\/p>\n<\/div><\/details>\n\n\n\n<details class=\"wp-block-themeisle-blocks-accordion-item\"><summary class=\"wp-block-themeisle-blocks-accordion-item__title\"><div><strong>L'indice UV est-il \u00e9lev\u00e9 \u00e0 T\u00e9n\u00e9riffe ?<\/strong><\/div><\/summary><div class=\"wp-block-themeisle-blocks-accordion-item__content\">\n<p>Oui, \u00e0 T\u00e9n\u00e9rife, l'exposition au soleil est forte tout au long de l'ann\u00e9e. La cr\u00e8me solaire, les lunettes de soleil et un chapeau sont indispensables pour se prot\u00e9ger des rayons UV.<\/p>\n<\/div><\/details>\n\n\n\n<details class=\"wp-block-themeisle-blocks-accordion-item\"><summary class=\"wp-block-themeisle-blocks-accordion-item__title\"><div><strong>Y a-t-il une grande diff\u00e9rence entre le nord et le sud de T\u00e9n\u00e9riffe ?<\/strong><\/div><\/summary><div class=\"wp-block-themeisle-blocks-accordion-item__content\">\n<p>Oui, le sud est plus chaud, plus ensoleill\u00e9 et plus sec, tandis que le nord est plus frais, plus vert et plus pluvieux. Si vous pr\u00e9f\u00e9rez les vacances \u00e0 la plage, le sud est id\u00e9al.<\/p>\n<\/div><\/details>\n\n\n\n<details class=\"wp-block-themeisle-blocks-accordion-item\"><summary class=\"wp-block-themeisle-blocks-accordion-item__title\"><div><strong>Le temps change-t-il rapidement \u00e0 T\u00e9n\u00e9riffe ?<\/strong><\/div><\/summary><div class=\"wp-block-themeisle-blocks-accordion-item__content\">\n<p>Oui, en raison des microclimats de l'\u00eele, le temps peut varier consid\u00e9rablement, m\u00eame sur de courtes distances. Le temps peut \u00eatre ensoleill\u00e9 sur la c\u00f4te et nuageux ou pluvieux \u00e0 l'int\u00e9rieur des terres ou en altitude.<\/p>\n<\/div><\/details>\n\n\n\n<details class=\"wp-block-themeisle-blocks-accordion-item\"><summary class=\"wp-block-themeisle-blocks-accordion-item__title\"><div><strong>Ai-je besoin de l'air conditionn\u00e9 dans mon appartement de vacances \u00e0 T\u00e9n\u00e9rife ?<\/strong><\/div><\/summary><div class=\"wp-block-themeisle-blocks-accordion-item__content\">\n<p>Dans le sud de T\u00e9n\u00e9riffe, o\u00f9 les temp\u00e9ratures sont chaudes toute l'ann\u00e9e, la climatisation est recommand\u00e9e, surtout en \u00e9t\u00e9. Dans le nord et en altitude, le climat est plus frais et la plupart des logements n'en ont pas besoin. Si vous visitez l'\u00eele entre juin et septembre ou si vous \u00eates sensible \u00e0 la chaleur, il est pr\u00e9f\u00e9rable de r\u00e9server un appartement climatis\u00e9 pour un s\u00e9jour plus confortable.<\/p>\n<\/div><\/details>\n\n\n\n<details class=\"wp-block-themeisle-blocks-accordion-item\"><summary class=\"wp-block-themeisle-blocks-accordion-item__title\"><div><strong>QU'EST-CE QUE LE CALIMA ET COMMENT CELA AFFECTE-T-IL MON S\u00c9JOUR \u00c0 TENERIFE ?<\/strong><\/div><\/summary><div class=\"wp-block-themeisle-blocks-accordion-item__content\">\n<p>La calima est un ph\u00e9nom\u00e8ne m\u00e9t\u00e9orologique qui se produit lorsque les vents du d\u00e9sert du Sahara am\u00e8nent de l'air chaud et poussi\u00e9reux \u00e0 T\u00e9n\u00e9riffe, surtout pendant les mois d'\u00e9t\u00e9. Ce ph\u00e9nom\u00e8ne peut r\u00e9duire la visibilit\u00e9 et augmenter les temp\u00e9ratures, rendant l'\u00eele plus chaude qu'\u00e0 l'accoutum\u00e9e. Pour rester \u00e0 l'aise, il est recommand\u00e9 de s'hydrater, d'\u00e9viter les expositions prolong\u00e9es au soleil et de porter des lunettes de soleil pour prot\u00e9ger ses yeux de la poussi\u00e8re.<\/p>\n<\/div><\/details>\n<\/div>\n\n\n\n<div style=\"height:50px\" aria-hidden=\"true\" class=\"wp-block-spacer\"><\/div>\n\n\n\n<h4 class=\"wp-block-heading alignwide has-text-align-center has-white-color has-text-color has-link-color wp-elements-7ea9f1040d0b3c3e9c36afdc0fbad6f2\" style=\"font-size:25px\">Vous ne savez pas quoi emporter pour votre voyage ?<\/h4>\n\n\n\n<div style=\"height:10px\" aria-hidden=\"true\" class=\"wp-block-spacer\"><\/div>\n\n\n\n<h4 class=\"wp-block-heading alignwide has-text-align-center has-white-color has-text-color has-link-color wp-elements-c5936f67b75746b675c0b100936afc1c\" style=\"font-size:25px\">D\u00e9couvrez tout ce dont vous avez besoin dans notre guide pour faire vos valises !<\/h4>\n\n\n\n<div style=\"height:30px\" aria-hidden=\"true\" class=\"wp-block-spacer\"><\/div>\n\n\n\n<div class=\"wp-block-buttons alignwide is-content-justification-center is-layout-flex wp-container-core-buttons-is-layout-5e6b19ed wp-block-buttons-is-layout-flex\">\n<div class=\"wp-block-button has-custom-font-size\" style=\"font-size:19px\"><a class=\"wp-block-button__link wp-element-button\" href=\"https:\/\/nabilaexperience.com\/fr\/que-faut-il-emporter-a-tenerife\/\" style=\"border-radius:5px\"><strong>QUE METTRE DANS VOTRE VALISE<\/strong><\/a><\/div>\n<\/div>\n\n\n\n<div style=\"height:75px\" aria-hidden=\"true\" class=\"wp-block-spacer\"><\/div>","protected":false},"excerpt":{"rendered":"<p>WEATHER &amp; CLIMATE WEATHER &amp; CLIMATE OCEAN TEMPERATURE FAQ Not sure what to bring for your trip? Find out everything you need in our packing guide!<\/p>","protected":false},"author":1,"featured_media":8048,"parent":0,"menu_order":0,"comment_status":"closed","ping_status":"closed","template":"","meta":{"_acf_changed":false,"ocean_post_layout":"","ocean_both_sidebars_style":"","ocean_both_sidebars_content_width":0,"ocean_both_sidebars_sidebars_width":0,"ocean_sidebar":"","ocean_second_sidebar":"","ocean_disable_margins":"enable","ocean_add_body_class":"","ocean_shortcode_before_top_bar":"","ocean_shortcode_after_top_bar":"","ocean_shortcode_before_header":"","ocean_shortcode_after_header":"","ocean_has_shortcode":"","ocean_shortcode_after_title":"","ocean_shortcode_before_footer_widgets":"","ocean_shortcode_after_footer_widgets":"","ocean_shortcode_before_footer_bottom":"","ocean_shortcode_after_footer_bottom":"","ocean_display_top_bar":"default","ocean_display_header":"default","ocean_header_style":"","ocean_center_header_left_menu":"","ocean_custom_header_template":"","ocean_custom_logo":0,"ocean_custom_retina_logo":0,"ocean_custom_logo_max_width":0,"ocean_custom_logo_tablet_max_width":0,"ocean_custom_logo_mobile_max_width":0,"ocean_custom_logo_max_height":0,"ocean_custom_logo_tablet_max_height":0,"ocean_custom_logo_mobile_max_height":0,"ocean_header_custom_menu":"","ocean_menu_typo_font_family":"","ocean_menu_typo_font_subset":"","ocean_menu_typo_font_size":0,"ocean_menu_typo_font_size_tablet":0,"ocean_menu_typo_font_size_mobile":0,"ocean_menu_typo_font_size_unit":"px","ocean_menu_typo_font_weight":"","ocean_menu_typo_font_weight_tablet":"","ocean_menu_typo_font_weight_mobile":"","ocean_menu_typo_transform":"","ocean_menu_typo_transform_tablet":"","ocean_menu_typo_transform_mobile":"","ocean_menu_typo_line_height":0,"ocean_menu_typo_line_height_tablet":0,"ocean_menu_typo_line_height_mobile":0,"ocean_menu_typo_line_height_unit":"","ocean_menu_typo_spacing":0,"ocean_menu_typo_spacing_tablet":0,"ocean_menu_typo_spacing_mobile":0,"ocean_menu_typo_spacing_unit":"","ocean_menu_link_color":"","ocean_menu_link_color_hover":"","ocean_menu_link_color_active":"","ocean_menu_link_background":"","ocean_menu_link_hover_background":"","ocean_menu_link_active_background":"","ocean_menu_social_links_bg":"","ocean_menu_social_hover_links_bg":"","ocean_menu_social_links_color":"","ocean_menu_social_hover_links_color":"","ocean_disable_title":"default","ocean_disable_heading":"default","ocean_post_title":"","ocean_post_subheading":"","ocean_post_title_style":"","ocean_post_title_background_color":"","ocean_post_title_background":0,"ocean_post_title_bg_image_position":"","ocean_post_title_bg_image_attachment":"","ocean_post_title_bg_image_repeat":"","ocean_post_title_bg_image_size":"","ocean_post_title_height":0,"ocean_post_title_bg_overlay":0.5,"ocean_post_title_bg_overlay_color":"","ocean_disable_breadcrumbs":"default","ocean_breadcrumbs_color":"","ocean_breadcrumbs_separator_color":"","ocean_breadcrumbs_links_color":"","ocean_breadcrumbs_links_hover_color":"","ocean_display_footer_widgets":"default","ocean_display_footer_bottom":"default","ocean_custom_footer_template":"","_themeisle_gutenberg_block_has_review":false,"footnotes":""},"class_list":["post-8221","page","type-page","status-publish","has-post-thumbnail","hentry","entry","has-media","owp-thumbs-layout-vertical","owp-btn-very-big","owp-tabs-layout-horizontal","has-no-thumbnails"],"acf":[],"aioseo_notices":[],"jetpack_sharing_enabled":true,"_links":{"self":[{"href":"https:\/\/nabilaexperience.com\/fr\/wp-json\/wp\/v2\/pages\/8221","targetHints":{"allow":["GET"]}}],"collection":[{"href":"https:\/\/nabilaexperience.com\/fr\/wp-json\/wp\/v2\/pages"}],"about":[{"href":"https:\/\/nabilaexperience.com\/fr\/wp-json\/wp\/v2\/types\/page"}],"author":[{"embeddable":true,"href":"https:\/\/nabilaexperience.com\/fr\/wp-json\/wp\/v2\/users\/1"}],"replies":[{"embeddable":true,"href":"https:\/\/nabilaexperience.com\/fr\/wp-json\/wp\/v2\/comments?post=8221"}],"version-history":[{"count":245,"href":"https:\/\/nabilaexperience.com\/fr\/wp-json\/wp\/v2\/pages\/8221\/revisions"}],"predecessor-version":[{"id":10356,"href":"https:\/\/nabilaexperience.com\/fr\/wp-json\/wp\/v2\/pages\/8221\/revisions\/10356"}],"wp:featuredmedia":[{"embeddable":true,"href":"https:\/\/nabilaexperience.com\/fr\/wp-json\/wp\/v2\/media\/8048"}],"wp:attachment":[{"href":"https:\/\/nabilaexperience.com\/fr\/wp-json\/wp\/v2\/media?parent=8221"}],"curies":[{"name":"wp","href":"https:\/\/api.w.org\/{rel}","templated":true}]}}