{"id":8221,"date":"2025-03-10T18:37:03","date_gmt":"2025-03-10T18:37:03","guid":{"rendered":"https:\/\/nabilaexperience.com\/?page_id=8221"},"modified":"2025-04-14T11:06:53","modified_gmt":"2025-04-14T11:06:53","slug":"tenerife-tiempo-clima","status":"publish","type":"page","link":"https:\/\/nabilaexperience.com\/es\/tenerife-tiempo-clima\/","title":{"rendered":"TIEMPO Y CLIMA"},"content":{"rendered":"<div style=\"height:25px\" aria-hidden=\"true\" class=\"wp-block-spacer\"><\/div>\n\n\n\n<h1 class=\"wp-block-heading has-text-align-center has-x-large-font-size\">TIEMPO Y CLIMA<\/h1>\n\n\n\n<div id=\"wp-block-themeisle-blocks-advanced-columns-070458a4\" class=\"wp-block-themeisle-blocks-advanced-columns alignfull has-2-columns has-desktop-oneTwo-layout has-tablet-equal-layout has-mobile-collapsedRows-layout has-vertical-center ticss-c00aadba\"><div class=\"wp-block-themeisle-blocks-advanced-columns-overlay\"><\/div><div class=\"innerblocks-wrap\">\n<div id=\"wp-block-themeisle-blocks-advanced-column-33cbbe90\" class=\"wp-block-themeisle-blocks-advanced-column ticss-b7526724\">\n<div class=\"wp-block-cover is-light ticss-ce3d7efc\"><span aria-hidden=\"true\" class=\"wp-block-cover__background has-background-dim-0 has-background-dim\"><\/span><img fetchpriority=\"high\" decoding=\"async\" width=\"1000\" height=\"667\" class=\"wp-block-cover__image-background wp-image-8048\" alt=\"el tiempo en tenerife\" src=\"https:\/\/nabilaexperience.com\/wp-content\/uploads\/2025\/02\/nabila-experience-info-tips-tenerife-teide.webp\" style=\"object-position:30% 50%\" data-object-fit=\"cover\" data-object-position=\"30% 50%\" srcset=\"https:\/\/nabilaexperience.com\/wp-content\/uploads\/2025\/02\/nabila-experience-info-tips-tenerife-teide.webp 1000w, https:\/\/nabilaexperience.com\/wp-content\/uploads\/2025\/02\/nabila-experience-info-tips-tenerife-teide-300x200.webp 300w, https:\/\/nabilaexperience.com\/wp-content\/uploads\/2025\/02\/nabila-experience-info-tips-tenerife-teide-768x512.webp 768w, https:\/\/nabilaexperience.com\/wp-content\/uploads\/2025\/02\/nabila-experience-info-tips-tenerife-teide-18x12.webp 18w, https:\/\/nabilaexperience.com\/wp-content\/uploads\/2025\/02\/nabila-experience-info-tips-tenerife-teide-600x400.webp 600w\" sizes=\"(max-width: 1000px) 100vw, 1000px\" \/><div class=\"wp-block-cover__inner-container is-layout-flow wp-block-cover-is-layout-flow\">\n<p class=\"has-text-align-center has-large-font-size\"><\/p>\n<\/div><\/div>\n<\/div>\n\n\n\n<div id=\"wp-block-themeisle-blocks-advanced-column-bea6f9b4\" class=\"wp-block-themeisle-blocks-advanced-column\">\n<div class=\"wp-block-cover ticss-402da394\"><span aria-hidden=\"true\" class=\"wp-block-cover__background has-background-dim-100 has-background-dim\" style=\"background-color:#02244d\"><\/span><img decoding=\"async\" class=\"wp-block-cover__image-background wp-image-306 lazyload\" alt=\"\" data-src=\"https:\/\/api.themeisle.com\/sites\/images\/cb:otter\/q:auto\/wp-content\/uploads\/sites\/664\/2022\/09\/otter-demo-07.png\" style=\"object-position:41% 0%\" data-object-fit=\"cover\" data-object-position=\"41% 0%\" src=\"data:image\/gif;base64,R0lGODlhAQABAAAAACH5BAEKAAEALAAAAAABAAEAAAICTAEAOw==\" \/><div class=\"wp-block-cover__inner-container is-layout-flow wp-block-cover-is-layout-flow\">\n<h1 class=\"wp-block-heading has-text-align-left has-text-color has-link-color has-x-large-font-size wp-elements-38cd659ef00aac6b883947036b4af054\" style=\"color:#ffbf00\">TIEMPO Y CLIMA<\/h1>\n\n\n\n<div style=\"height:25px\" aria-hidden=\"true\" class=\"wp-block-spacer\"><\/div>\n\n\n\n<p>Tenerife es famosa por su agradable clima de \"eterna primavera\", con temperaturas suaves todo el a\u00f1o. Sin embargo, el clima de Tenerife no es uniforme en toda la isla. Gracias a su paisaje volc\u00e1nico y a los vientos alisios, Tenerife cuenta con varios microclimas, que dan lugar a diferentes condiciones meteorol\u00f3gicas incluso en distancias cortas.<\/p>\n\n\n\n<p>En general, podemos dividir la isla en <strong>tres zonas clim\u00e1ticas principales<\/strong>:<\/p>\n\n\n\n<ul class=\"wp-block-list\">\n<li><strong>COSTA SUR<\/strong> - La zona m\u00e1s soleada y seca de Tenerife, con temperaturas c\u00e1lidas durante todo el a\u00f1o y escasas precipitaciones.<\/li>\n<\/ul>\n\n\n\n<ul class=\"wp-block-list\">\n<li><strong>NORTE<\/strong> - M\u00e1s verde y h\u00famedo, con temperaturas algo m\u00e1s frescas y lluvias ocasionales, sobre todo en invierno.<\/li>\n<\/ul>\n\n\n\n<ul class=\"wp-block-list\">\n<li><strong>MONTE TEIDE<\/strong> - Debido a su altitud, el Parque Nacional del Teide experimenta temperaturas m\u00e1s fr\u00edas, con nevadas ocasionales en invierno.<\/li>\n<\/ul>\n\n\n\n<p>El oc\u00e9ano Atl\u00e1ntico tambi\u00e9n desempe\u00f1a un papel clave en el clima de Tenerife. La temperatura del agua se mantiene agradable todo el a\u00f1o, oscilando entre los 19 \u00b0C en invierno y los 24 \u00b0C en verano, lo que permite ba\u00f1arse en cualquier estaci\u00f3n.<\/p>\n\n\n\n<p>La calima, un fen\u00f3meno meteorol\u00f3gico que se produce cuando soplan vientos procedentes del desierto del Sahara, puede afectar ocasionalmente a Tenerife, sobre todo en los meses de verano. Trae consigo una capa de aire c\u00e1lido y polvoriento que puede reducir la visibilidad y elevar las temperaturas, haciendo que la isla parezca m\u00e1s calurosa de lo habitual. Es importante mantenerse hidratado y protegerse del sol durante estos periodos.<\/p>\n\n\n\n<p>En Nabila Experience, ayudamos a nuestros clientes a llegar preparados a su aventura en Tenerife. Desde consejos para hacer la maleta hasta c\u00f3mo vestirse para las excursiones, las actividades diarias y las noches, \u00a1nos aseguraremos de que sepas exactamente qu\u00e9 llevar para disfrutar al m\u00e1ximo de tus vacaciones!<\/p>\n\n\n\n<div style=\"height:25px\" aria-hidden=\"true\" class=\"wp-block-spacer\"><\/div>\n\n\n\n<p class=\"has-text-align-center\" style=\"font-size:19px\"><strong>\u00bfPreparado para vivir Tenerife en todas las estaciones? Planifique su viaje con nosotros.<\/strong><\/p>\n\n\n\n<div class=\"wp-block-buttons alignwide is-content-justification-center is-layout-flex wp-container-core-buttons-is-layout-5e6b19ed wp-block-buttons-is-layout-flex\">\n<div class=\"wp-block-button has-custom-font-size\" style=\"font-size:19px\"><a class=\"wp-block-button__link wp-element-button\" href=\"https:\/\/nabilaexperience.com\/es\/tenerife-excursiones-nuestra-seleccion\/\" style=\"border-radius:5px\"><strong>EXCURSIONES<\/strong><\/a><\/div>\n\n\n\n<div class=\"wp-block-button has-custom-font-size\" style=\"font-size:19px\"><a class=\"wp-block-button__link wp-element-button\" href=\"https:\/\/nabilaexperience.com\/es\/alquileres-en-tenerife\/\" style=\"border-radius:5px\"><strong>ALQUILERES<\/strong><\/a><\/div>\n<\/div>\n<\/div><\/div>\n<\/div>\n<\/div><\/div>\n\n\n\n<h2 class=\"wp-block-heading alignfull has-text-align-center ticss-e4b7435a has-text-color has-background has-link-color wp-elements-16f890b3a21259f5fede7a08595dd875\" style=\"color:#02244d;background-color:#ffbf00;font-size:31px\">TIEMPO Y CLIMA<\/h2>\n\n\n\n<div style=\"height:25px\" aria-hidden=\"true\" class=\"wp-block-spacer\"><\/div>\n\n\n\n<div id=\"wp-block-themeisle-blocks-advanced-columns-08b15238\" class=\"wp-block-themeisle-blocks-advanced-columns alignfull has-3-columns has-desktop-equal-layout has-tablet-equal-layout has-mobile-collapsedRows-layout has-vertical-center ticss-c00aadba\"><div class=\"wp-block-themeisle-blocks-advanced-columns-overlay\"><\/div><div class=\"innerblocks-wrap\">\n<div id=\"wp-block-themeisle-blocks-advanced-column-b57cdb33\" class=\"wp-block-themeisle-blocks-advanced-column\">\n<h2 class=\"wp-block-heading has-text-align-center\" style=\"font-size:25px\"><strong>COSTA SUR<\/strong><\/h2>\n\n\n\n<figure class=\"wp-block-image size-full\"><img decoding=\"async\" width=\"1440\" height=\"810\" data-src=\"https:\/\/nabilaexperience.com\/wp-content\/uploads\/2025\/03\/beach-5278006_1920-edited.jpg\" alt=\"\" class=\"wp-image-8223 lazyload\" style=\"--smush-placeholder-width: 1440px; --smush-placeholder-aspect-ratio: 1440\/810;aspect-ratio:16\/9;object-fit:cover\" data-srcset=\"https:\/\/nabilaexperience.com\/wp-content\/uploads\/2025\/03\/beach-5278006_1920-edited.jpg 1440w, https:\/\/nabilaexperience.com\/wp-content\/uploads\/2025\/03\/beach-5278006_1920-edited-600x338.jpg 600w, https:\/\/nabilaexperience.com\/wp-content\/uploads\/2025\/03\/beach-5278006_1920-edited-300x169.jpg 300w, https:\/\/nabilaexperience.com\/wp-content\/uploads\/2025\/03\/beach-5278006_1920-edited-1024x576.jpg 1024w, https:\/\/nabilaexperience.com\/wp-content\/uploads\/2025\/03\/beach-5278006_1920-edited-768x432.jpg 768w, https:\/\/nabilaexperience.com\/wp-content\/uploads\/2025\/03\/beach-5278006_1920-edited-18x10.jpg 18w, https:\/\/nabilaexperience.com\/wp-content\/uploads\/2025\/03\/beach-5278006_1920-edited-800x450.jpg 800w\" data-sizes=\"(max-width: 1440px) 100vw, 1440px\" src=\"data:image\/gif;base64,R0lGODlhAQABAAAAACH5BAEKAAEALAAAAAABAAEAAAICTAEAOw==\" \/><\/figure>\n\n\n\n<ul class=\"wp-block-list\">\n<li class=\"ticss-18005d1e\"><strong>Clima<\/strong>: Soleado y seco<\/li>\n<\/ul>\n\n\n\n<ul class=\"wp-block-list ticss-0f2e2d95\">\n<li class=\"ticss-14edfd13\"><strong>Temperaturas medias<\/strong>:\n<ul class=\"wp-block-list\">\n<li><strong>Invierno<\/strong>: 18\u00b0C - 22\u00b0C, templado y soleado con poca lluvia<\/li>\n\n\n\n<li><strong>Primavera<\/strong>: 19\u00b0C - 23\u00b0C, agradable y c\u00e1lido<\/li>\n\n\n\n<li><strong>Verano<\/strong>: 22\u00b0C - 28\u00b0C, caluroso y seco<\/li>\n\n\n\n<li><strong>Oto\u00f1o<\/strong>: 21\u00b0C - 27\u00b0C, c\u00e1lido, con poca lluvia<\/li>\n<\/ul>\n<\/li>\n<\/ul>\n\n\n\n<ul class=\"wp-block-list ticss-87288943\">\n<li class=\"ticss-59478e0a\"><strong>Precipitaciones<\/strong>: Raras y bajas (menos de 200 mm\/a\u00f1o)<\/li>\n<\/ul>\n\n\n\n<ul class=\"wp-block-list ticss-b3a01fb3\">\n<li class=\"ticss-f9a2a18f\"><strong>Caracter\u00edsticas<\/strong>: La parte m\u00e1s calurosa y seca de la isla, con veranos c\u00e1lidos e inviernos suaves.<\/li>\n<\/ul>\n\n\n\n<p class=\"has-text-align-center ticss-f0fbee2b\"><strong>El destino ideal para los amantes del sol y la playa. Con un clima c\u00e1lido todo el a\u00f1o, esta zona disfruta de condiciones secas y soleadas durante la mayor parte del a\u00f1o, lo que la hace ideal para actividades al aire libre, d\u00edas de playa y aventuras.<\/strong><\/p>\n\n\n<p><iframe name=\"iframe_aemet_id33044\" width=\"100%\" height=\"100%\" tabindex=\"0\" id=\"iframe_aemet_id33044\" data-src=\"https:\/\/www.aemet.es\/en\/eltiempo\/prediccion\/municipios\/mostrarwidget\/adeje-id38001?w=g4p01111111ohmffffffw463z295x003366t6699ccr1s8n2\" frameborder=\"0\" scrolling=\"si\" src=\"data:image\/gif;base64,R0lGODlhAQABAAAAACH5BAEKAAEALAAAAAABAAEAAAICTAEAOw==\" class=\"lazyload\" data-load-mode=\"1\"><\/iframe><\/p>\n\n\n\n<div style=\"height:15px\" aria-hidden=\"true\" class=\"wp-block-spacer\"><\/div>\n\n\n\n<div class=\"wp-block-cover is-light has-custom-content-position is-position-top-center ticss-4bb9da54\"><span aria-hidden=\"true\" class=\"wp-block-cover__background has-white-background-color has-background-dim-0 has-background-dim\"><\/span><img decoding=\"async\" width=\"800\" height=\"533\" class=\"wp-block-cover__image-background wp-image-7888 lazyload\" alt=\"\" data-src=\"https:\/\/nabilaexperience.com\/wp-content\/uploads\/2025\/02\/nabila-experience-tenerife-excursions-whale-watching.webp\" style=\"--smush-placeholder-width: 800px; --smush-placeholder-aspect-ratio: 800\/533;object-position:60% 50%\" data-object-fit=\"cover\" data-object-position=\"60% 50%\" data-srcset=\"https:\/\/nabilaexperience.com\/wp-content\/uploads\/2025\/02\/nabila-experience-tenerife-excursions-whale-watching.webp 800w, https:\/\/nabilaexperience.com\/wp-content\/uploads\/2025\/02\/nabila-experience-tenerife-excursions-whale-watching-300x200.webp 300w, https:\/\/nabilaexperience.com\/wp-content\/uploads\/2025\/02\/nabila-experience-tenerife-excursions-whale-watching-768x512.webp 768w, https:\/\/nabilaexperience.com\/wp-content\/uploads\/2025\/02\/nabila-experience-tenerife-excursions-whale-watching-18x12.webp 18w, https:\/\/nabilaexperience.com\/wp-content\/uploads\/2025\/02\/nabila-experience-tenerife-excursions-whale-watching-600x400.webp 600w\" data-sizes=\"(max-width: 800px) 100vw, 800px\" src=\"data:image\/gif;base64,R0lGODlhAQABAAAAACH5BAEKAAEALAAAAAABAAEAAAICTAEAOw==\" \/><div class=\"wp-block-cover__inner-container is-layout-flow wp-block-cover-is-layout-flow\">\n<p class=\"has-text-align-center has-text-color has-link-color wp-elements-a8841300c2c51f7c30d0ae173411c885\" style=\"color:#02244d;font-size:35px\"><strong>VIAJE EN BARCO<\/strong><\/p>\n\n\n\n<div style=\"height:250px\" aria-hidden=\"true\" class=\"wp-block-spacer\"><\/div>\n\n\n\n<div class=\"wp-block-buttons is-content-justification-center is-layout-flex wp-container-core-buttons-is-layout-5e6b19ed wp-block-buttons-is-layout-flex\" style=\"text-transform:none\">\n<div class=\"wp-block-button has-custom-font-size\" style=\"font-size:17px\"><a class=\"wp-block-button__link has-luminous-vivid-amber-background-color has-text-color has-background has-link-color wp-element-button\" href=\"https:\/\/nabilaexperience.com\/es\/experiencias\/paseo-en-velero-avistamiento-de-ballenas\/\" style=\"border-radius:5px;color:#02244d\"><strong>Desde 40\u20ac por persona<\/strong><\/a><\/div>\n<\/div>\n<\/div><\/div>\n\n\n\n<div style=\"height:15px\" aria-hidden=\"true\" class=\"wp-block-spacer\"><\/div>\n\n\n\n<hr class=\"wp-block-separator has-text-color has-white-color has-alpha-channel-opacity has-white-background-color has-background is-style-dots\"\/>\n\n\n\n<div style=\"height:15px\" aria-hidden=\"true\" class=\"wp-block-spacer\"><\/div>\n<\/div>\n\n\n\n<div id=\"wp-block-themeisle-blocks-advanced-column-eefb8312\" class=\"wp-block-themeisle-blocks-advanced-column\">\n<h2 class=\"wp-block-heading has-text-align-center\" style=\"font-size:25px\"><strong>NORTE<\/strong><\/h2>\n\n\n\n<figure class=\"wp-block-image size-large\"><img decoding=\"async\" width=\"1024\" height=\"683\" data-src=\"https:\/\/nabilaexperience.com\/wp-content\/uploads\/2025\/02\/Mirador-1500x1030-1-1024x683.png\" alt=\"\" class=\"wp-image-7297 lazyload\" style=\"--smush-placeholder-width: 1024px; --smush-placeholder-aspect-ratio: 1024\/683;aspect-ratio:16\/9;object-fit:cover\" data-srcset=\"https:\/\/nabilaexperience.com\/wp-content\/uploads\/2025\/02\/Mirador-1500x1030-1-1024x683.png 1024w, https:\/\/nabilaexperience.com\/wp-content\/uploads\/2025\/02\/Mirador-1500x1030-1-300x200.png 300w, https:\/\/nabilaexperience.com\/wp-content\/uploads\/2025\/02\/Mirador-1500x1030-1-600x400.png 600w, https:\/\/nabilaexperience.com\/wp-content\/uploads\/2025\/02\/Mirador-1500x1030-1-768x512.png 768w, https:\/\/nabilaexperience.com\/wp-content\/uploads\/2025\/02\/Mirador-1500x1030-1.png 1500w\" data-sizes=\"(max-width: 1024px) 100vw, 1024px\" src=\"data:image\/gif;base64,R0lGODlhAQABAAAAACH5BAEKAAEALAAAAAABAAEAAAICTAEAOw==\" \/><\/figure>\n\n\n\n<ul class=\"wp-block-list\">\n<li class=\"ticss-18005d1e\"><strong>Clima<\/strong>: M\u00e1s h\u00famedo y verde<\/li>\n<\/ul>\n\n\n\n<ul class=\"wp-block-list ticss-0f2e2d95\">\n<li class=\"ticss-14edfd13\"><strong>Temperaturas medias<\/strong>:\n<ul class=\"wp-block-list\">\n<li><strong>Invierno<\/strong>: 15\u00b0C - 20\u00b0C, fresco con m\u00e1s lluvia<\/li>\n\n\n\n<li><strong>Primavera<\/strong>: 16\u00b0C - 21\u00b0C, templado con lluvias ocasionales<\/li>\n\n\n\n<li><strong>Verano<\/strong>: 18\u00b0C - 24\u00b0C, c\u00e1lido con lluvias ocasionales<\/li>\n\n\n\n<li><strong>Oto\u00f1o<\/strong>: 17\u00b0C - 23\u00b0C, suave y similar a la primavera<\/li>\n<\/ul>\n<\/li>\n<\/ul>\n\n\n\n<ul class=\"wp-block-list ticss-87288943\">\n<li class=\"ticss-59478e0a\"><strong>Precipitaciones<\/strong>: m\u00e1s frecuentes, sobre todo en invierno (600-800 mm\/a\u00f1o).<\/li>\n<\/ul>\n\n\n\n<ul class=\"wp-block-list ticss-b3a01fb3\">\n<li class=\"ticss-f9a2a18f\"><strong>Caracter\u00edsticas<\/strong>: Vegetaci\u00f3n exuberante, precipitaciones regulares, m\u00e1s fresco que el Sur.<\/li>\n<\/ul>\n\n\n\n<p class=\"has-text-align-center ticss-f0fbee2b\"><strong>Fresco y verde, con precipitaciones m\u00e1s frecuentes. <strong>Ideal para los amantes de la naturaleza<\/strong> y los que buscan un clima templado con paisajes \u00fanicos.<\/strong><\/p>\n\n\n<p><iframe name=\"iframe_aemet_id33044\" width=\"100%\" height=\"100%\" tabindex=\"0\" id=\"iframe_aemet_id33044\" data-src=\"https:\/\/www.aemet.es\/en\/eltiempo\/prediccion\/municipios\/mostrarwidget\/santa-cruz-de-tenerife-id38038?w=g4p01111111ohmffffffw459z295x003366t6699ccr1s8n2\" frameborder=\"0\" scrolling=\"si\" src=\"data:image\/gif;base64,R0lGODlhAQABAAAAACH5BAEKAAEALAAAAAABAAEAAAICTAEAOw==\" class=\"lazyload\" data-load-mode=\"1\"><\/iframe><\/p>\n\n\n\n<div style=\"height:15px\" aria-hidden=\"true\" class=\"wp-block-spacer\"><\/div>\n\n\n\n<div class=\"wp-block-cover is-light has-custom-content-position is-position-top-center ticss-888d9bec\"><span aria-hidden=\"true\" class=\"wp-block-cover__background has-background-dim-0 has-background-dim\"><\/span><img decoding=\"async\" width=\"2560\" height=\"1707\" class=\"wp-block-cover__image-background wp-image-7277 lazyload\" alt=\"\" data-src=\"https:\/\/nabilaexperience.com\/wp-content\/uploads\/2025\/02\/Teresitas-scaled.jpg\" style=\"--smush-placeholder-width: 2560px; --smush-placeholder-aspect-ratio: 2560\/1707;object-position:50% 0%\" data-object-fit=\"cover\" data-object-position=\"50% 0%\" data-srcset=\"https:\/\/nabilaexperience.com\/wp-content\/uploads\/2025\/02\/Teresitas-scaled.jpg 2560w, https:\/\/nabilaexperience.com\/wp-content\/uploads\/2025\/02\/Teresitas-300x200.jpg 300w, https:\/\/nabilaexperience.com\/wp-content\/uploads\/2025\/02\/Teresitas-scaled-600x400.jpg 600w, https:\/\/nabilaexperience.com\/wp-content\/uploads\/2025\/02\/Teresitas-1024x683.jpg 1024w, https:\/\/nabilaexperience.com\/wp-content\/uploads\/2025\/02\/Teresitas-768x512.jpg 768w, https:\/\/nabilaexperience.com\/wp-content\/uploads\/2025\/02\/Teresitas-1536x1024.jpg 1536w, https:\/\/nabilaexperience.com\/wp-content\/uploads\/2025\/02\/Teresitas-2048x1365.jpg 2048w\" data-sizes=\"(max-width: 2560px) 100vw, 2560px\" src=\"data:image\/gif;base64,R0lGODlhAQABAAAAACH5BAEKAAEALAAAAAABAAEAAAICTAEAOw==\" \/><div class=\"wp-block-cover__inner-container is-layout-flow wp-block-cover-is-layout-flow\">\n<p class=\"has-text-align-center has-text-color has-link-color wp-elements-164343feca3b4d6ee7ffbd49426b739e\" style=\"color:#02244d;font-size:35px\"><strong>TOUR PRIVADO<\/strong><\/p>\n\n\n\n<div style=\"height:250px\" aria-hidden=\"true\" class=\"wp-block-spacer\"><\/div>\n\n\n\n<div class=\"wp-block-buttons is-content-justification-center is-layout-flex wp-container-core-buttons-is-layout-5e6b19ed wp-block-buttons-is-layout-flex\">\n<div class=\"wp-block-button has-custom-font-size\" style=\"font-size:17px\"><a class=\"wp-block-button__link has-luminous-vivid-amber-background-color has-text-color has-background has-link-color wp-element-button\" href=\"https:\/\/nabilaexperience.com\/es\/experiencias\/visita-privada-personalizada\/\" style=\"border-radius:5px;color:#02244d\"><strong>Desde 98 euros por persona<\/strong><\/a><\/div>\n<\/div>\n<\/div><\/div>\n\n\n\n<div style=\"height:15px\" aria-hidden=\"true\" class=\"wp-block-spacer\"><\/div>\n\n\n\n<hr class=\"wp-block-separator has-text-color has-white-color has-alpha-channel-opacity has-white-background-color has-background is-style-dots\"\/>\n\n\n\n<div style=\"height:15px\" aria-hidden=\"true\" class=\"wp-block-spacer\"><\/div>\n<\/div>\n\n\n\n<div id=\"wp-block-themeisle-blocks-advanced-column-9136d16a\" class=\"wp-block-themeisle-blocks-advanced-column\">\n<h2 class=\"wp-block-heading has-text-align-center\" style=\"font-size:25px\"><strong>MONTE TEIDE<\/strong><\/h2>\n\n\n\n<figure class=\"wp-block-image size-large\"><img decoding=\"async\" width=\"1024\" height=\"683\" data-src=\"https:\/\/nabilaexperience.com\/wp-content\/uploads\/2024\/05\/TEIDE-1-1024x683.jpg\" alt=\"\" class=\"wp-image-4117 lazyload\" style=\"--smush-placeholder-width: 1024px; --smush-placeholder-aspect-ratio: 1024\/683;aspect-ratio:16\/9;object-fit:cover\" data-srcset=\"https:\/\/nabilaexperience.com\/wp-content\/uploads\/2024\/05\/TEIDE-1-1024x683.jpg 1024w, https:\/\/nabilaexperience.com\/wp-content\/uploads\/2024\/05\/TEIDE-1-300x200.jpg 300w, https:\/\/nabilaexperience.com\/wp-content\/uploads\/2024\/05\/TEIDE-1-scaled-600x400.jpg 600w, https:\/\/nabilaexperience.com\/wp-content\/uploads\/2024\/05\/TEIDE-1-768x512.jpg 768w, https:\/\/nabilaexperience.com\/wp-content\/uploads\/2024\/05\/TEIDE-1-1536x1024.jpg 1536w, https:\/\/nabilaexperience.com\/wp-content\/uploads\/2024\/05\/TEIDE-1-2048x1365.jpg 2048w, https:\/\/nabilaexperience.com\/wp-content\/uploads\/2024\/05\/TEIDE-1-174x116.jpg 174w\" data-sizes=\"(max-width: 1024px) 100vw, 1024px\" src=\"data:image\/gif;base64,R0lGODlhAQABAAAAACH5BAEKAAEALAAAAAABAAEAAAICTAEAOw==\" \/><\/figure>\n\n\n\n<ul class=\"wp-block-list\">\n<li class=\"ticss-18005d1e\"><strong>Clima<\/strong>: Fr\u00edo y alpino<\/li>\n<\/ul>\n\n\n\n<ul class=\"wp-block-list ticss-0f2e2d95\">\n<li class=\"ticss-14edfd13\"><strong>Temperaturas medias<\/strong>:\n<ul class=\"wp-block-list\">\n<li><strong>Invierno<\/strong>: 0\u00b0C - 6\u00b0C, fr\u00edo y posibilidad de nieve<\/li>\n\n\n\n<li><strong>Primavera<\/strong>: 4\u00b0C - 9\u00b0C, fr\u00edo, con nevadas ocasionales<\/li>\n\n\n\n<li><strong>Verano<\/strong>: 6\u00b0C - 12\u00b0C, fresco durante el d\u00eda<\/li>\n\n\n\n<li><strong>Oto\u00f1o<\/strong>: 4\u00b0C - 10\u00b0C, fresco, con probabilidad de lluvia<\/li>\n<\/ul>\n<\/li>\n<\/ul>\n\n\n\n<ul class=\"wp-block-list ticss-87288943\">\n<li class=\"ticss-59478e0a\"><strong>Precipitaciones<\/strong>: Lluvia ocasional, nieve en invierno<\/li>\n<\/ul>\n\n\n\n<ul class=\"wp-block-list ticss-b3a01fb3\">\n<li class=\"ticss-f9a2a18f\"><strong>Caracter\u00edsticas<\/strong>: Clima fr\u00edo debido a la altitud, con temperaturas frescas todo el a\u00f1o.<\/li>\n<\/ul>\n\n\n\n<p class=\"has-text-align-center ticss-f0fbee2b\"><strong>La regi\u00f3n m\u00e1s fr\u00eda, con nevadas en invierno y temperaturas m\u00e1s frescas en verano. Ideal para paseos y vistas panor\u00e1micas, pero cuidado con los notables cambios de temperatura.<\/strong><\/p>\n\n\n<p><iframe name=\"iframe_aemet_id33044\" width=\"100%\" height=\"100%\" tabindex=\"0\" id=\"iframe_aemet_id33044\" data-src=\"https:\/\/www.aemet.es\/en\/eltiempo\/prediccion\/municipios\/mostrarwidget\/santiago-del-teide-id38040?w=g4p01111110ohmffffffw459z292x003366t6699ccr1s8n2\" frameborder=\"0\" scrolling=\"si\" src=\"data:image\/gif;base64,R0lGODlhAQABAAAAACH5BAEKAAEALAAAAAABAAEAAAICTAEAOw==\" class=\"lazyload\" data-load-mode=\"1\"><\/iframe><\/p>\n\n\n\n<div style=\"height:15px\" aria-hidden=\"true\" class=\"wp-block-spacer\"><\/div>\n\n\n\n<div class=\"wp-block-cover has-custom-content-position is-position-top-center ticss-888d9bec\"><span aria-hidden=\"true\" class=\"wp-block-cover__background has-background-dim-0 has-background-dim\" style=\"background-color:#4d6c93\"><\/span><img decoding=\"async\" width=\"853\" height=\"569\" class=\"wp-block-cover__image-background wp-image-4432 lazyload\" alt=\"\" data-src=\"https:\/\/nabilaexperience.com\/wp-content\/uploads\/2024\/05\/145-5.jpg\" style=\"--smush-placeholder-width: 853px; --smush-placeholder-aspect-ratio: 853\/569;object-position:90% 50%\" data-object-fit=\"cover\" data-object-position=\"90% 50%\" data-srcset=\"https:\/\/nabilaexperience.com\/wp-content\/uploads\/2024\/05\/145-5.jpg 853w, https:\/\/nabilaexperience.com\/wp-content\/uploads\/2024\/05\/145-5-300x200.jpg 300w, https:\/\/nabilaexperience.com\/wp-content\/uploads\/2024\/05\/145-5-600x400.jpg 600w, https:\/\/nabilaexperience.com\/wp-content\/uploads\/2024\/05\/145-5-768x512.jpg 768w, https:\/\/nabilaexperience.com\/wp-content\/uploads\/2024\/05\/145-5-174x116.jpg 174w\" data-sizes=\"(max-width: 853px) 100vw, 853px\" src=\"data:image\/gif;base64,R0lGODlhAQABAAAAACH5BAEKAAEALAAAAAABAAEAAAICTAEAOw==\" \/><div class=\"wp-block-cover__inner-container is-layout-flow wp-block-cover-is-layout-flow\">\n<p class=\"has-text-align-center has-text-color has-link-color wp-elements-aeba4bfeae5abfea3389a6d1cf6b64f7\" style=\"color:#02244d;font-size:35px\"><strong>TEIDE EN QUAD<\/strong><\/p>\n\n\n\n<div style=\"height:250px\" aria-hidden=\"true\" class=\"wp-block-spacer\"><\/div>\n\n\n\n<div class=\"wp-block-buttons is-content-justification-center is-layout-flex wp-container-core-buttons-is-layout-5e6b19ed wp-block-buttons-is-layout-flex\">\n<div class=\"wp-block-button has-custom-font-size\" style=\"font-size:17px\"><a class=\"wp-block-button__link has-luminous-vivid-amber-background-color has-text-color has-background has-link-color wp-element-button\" href=\"https:\/\/nabilaexperience.com\/es\/experiencias\/quad-teide-tour-dia-o-puesta-de-sol\/\" style=\"border-radius:5px;color:#02244d\"><strong>Desde 130\u20ac por quad<\/strong><\/a><\/div>\n<\/div>\n<\/div><\/div>\n\n\n\n<div style=\"height:15px\" aria-hidden=\"true\" class=\"wp-block-spacer\"><\/div>\n\n\n\n<hr class=\"wp-block-separator has-text-color has-white-color has-alpha-channel-opacity has-white-background-color has-background is-style-dots\"\/>\n\n\n\n<div style=\"height:15px\" aria-hidden=\"true\" class=\"wp-block-spacer\"><\/div>\n<\/div>\n<\/div><\/div>\n\n\n\n<h2 class=\"wp-block-heading alignfull has-text-align-center ticss-e4b7435a has-text-color has-background has-link-color wp-elements-baade60e105bac0f4f9b958332656a17\" style=\"color:#02244d;background-color:#ffbf00;font-size:31px\">TEMPERATURA DEL OCE\u00c1NO<\/h2>\n\n\n\n<div id=\"wp-block-themeisle-blocks-advanced-columns-85f42d6e\" class=\"wp-block-themeisle-blocks-advanced-columns alignfull has-2-columns has-desktop-oneTwo-layout has-tablet-equal-layout has-mobile-collapsedRows-layout has-vertical-center\"><div class=\"wp-block-themeisle-blocks-advanced-columns-overlay\"><\/div><div class=\"innerblocks-wrap\">\n<div id=\"wp-block-themeisle-blocks-advanced-column-b7526724\" class=\"wp-block-themeisle-blocks-advanced-column ticss-b7526724\">\n<div class=\"wp-block-cover ticss-ce3d7efc\"><span aria-hidden=\"true\" class=\"wp-block-cover__background has-background-dim-0 has-background-dim\"><\/span><img decoding=\"async\" width=\"2000\" height=\"1334\" class=\"wp-block-cover__image-background wp-image-4555 lazyload\" alt=\"SNORKELING\" data-src=\"https:\/\/nabilaexperience.com\/wp-content\/uploads\/2024\/05\/GOPR6384.png\" data-object-fit=\"cover\" data-srcset=\"https:\/\/nabilaexperience.com\/wp-content\/uploads\/2024\/05\/GOPR6384.png 2000w, https:\/\/nabilaexperience.com\/wp-content\/uploads\/2024\/05\/GOPR6384-300x200.png 300w, https:\/\/nabilaexperience.com\/wp-content\/uploads\/2024\/05\/GOPR6384-600x400.png 600w, https:\/\/nabilaexperience.com\/wp-content\/uploads\/2024\/05\/GOPR6384-1024x683.png 1024w, https:\/\/nabilaexperience.com\/wp-content\/uploads\/2024\/05\/GOPR6384-768x512.png 768w, https:\/\/nabilaexperience.com\/wp-content\/uploads\/2024\/05\/GOPR6384-1536x1025.png 1536w, https:\/\/nabilaexperience.com\/wp-content\/uploads\/2024\/05\/GOPR6384-174x116.png 174w\" data-sizes=\"(max-width: 2000px) 100vw, 2000px\" src=\"data:image\/gif;base64,R0lGODlhAQABAAAAACH5BAEKAAEALAAAAAABAAEAAAICTAEAOw==\" style=\"--smush-placeholder-width: 2000px; --smush-placeholder-aspect-ratio: 2000\/1334;\" \/><div class=\"wp-block-cover__inner-container is-layout-flow wp-block-cover-is-layout-flow\">\n<p class=\"has-text-align-center has-large-font-size\"><\/p>\n<\/div><\/div>\n<\/div>\n\n\n\n<div id=\"wp-block-themeisle-blocks-advanced-column-46d7aefc\" class=\"wp-block-themeisle-blocks-advanced-column\">\n<div class=\"wp-block-cover ticss-402da394\"><span aria-hidden=\"true\" class=\"wp-block-cover__background has-background-dim-100 has-background-dim\" style=\"background-color:#02244d\"><\/span><img decoding=\"async\" class=\"wp-block-cover__image-background wp-image-306 lazyload\" alt=\"\" data-src=\"https:\/\/api.themeisle.com\/sites\/images\/cb:otter\/q:auto\/wp-content\/uploads\/sites\/664\/2022\/09\/otter-demo-07.png\" style=\"object-position:41% 0%\" data-object-fit=\"cover\" data-object-position=\"41% 0%\" src=\"data:image\/gif;base64,R0lGODlhAQABAAAAACH5BAEKAAEALAAAAAABAAEAAAICTAEAOw==\" \/><div class=\"wp-block-cover__inner-container is-layout-flow wp-block-cover-is-layout-flow\">\n<p>Las aguas atl\u00e1nticas de Tenerife son agradables todo el a\u00f1o, con temperaturas que oscilan entre los 19\u00b0C en invierno y los 24\u00b0C en verano. Gracias al clima templado de la isla, es posible nadar, bucear y practicar otras actividades acu\u00e1ticas en cualquier \u00e9poca del a\u00f1o.<\/p>\n\n\n\n<ul class=\"wp-block-list\">\n<li><strong>Invierno (diciembre-febrero):<\/strong> Las aguas m\u00e1s fr\u00edas rondan los 19-20\u00b0C. Se recomienda llevar traje de neopreno para nadar m\u00e1s tiempo.<\/li>\n\n\n\n<li><strong>Primavera (marzo-mayo):<\/strong> Calentamiento gradual, alcanzando los 20-21\u00b0C. C\u00f3modo para la mayor\u00eda de los nadadores.<\/li>\n\n\n\n<li><strong>Verano (junio-agosto):<\/strong> Las temperaturas m\u00e1ximas oscilan entre 22 y 24 \u00b0C, perfectas para las actividades acu\u00e1ticas.<\/li>\n\n\n\n<li><strong>Oto\u00f1o (Sep-Nov):<\/strong> Todav\u00eda c\u00e1lido, en torno a los 22-23\u00b0C, ideal para largas jornadas de playa.<\/li>\n<\/ul>\n\n\n\n<p>Las corrientes marinas y las mareas pueden influir ligeramente en la temperatura, sobre todo a lo largo de las distintas costas. Tanto si est\u00e1 planeando un refrescante ba\u00f1o como una emocionante aventura marina, \u00a1las aguas de Tenerife est\u00e1n listas para darle la bienvenida!<\/p>\n\n\n\n<div style=\"height:15px\" aria-hidden=\"true\" class=\"wp-block-spacer\"><\/div>\n\n\n\n<div class=\"wp-block-buttons alignwide is-content-justification-center is-layout-flex wp-container-core-buttons-is-layout-5e6b19ed wp-block-buttons-is-layout-flex\">\n<div class=\"wp-block-button has-custom-font-size\" style=\"font-size:19px\"><a class=\"wp-block-button__link wp-element-button\" href=\"https:\/\/nabilaexperience.com\/es\/actividades-acuaticas-tenerife\/\" style=\"border-radius:5px\"><strong>ACTIVIDADES ACU\u00c1TICAS<\/strong><\/a><\/div>\n<\/div>\n<\/div><\/div>\n<\/div>\n<\/div><\/div>\n\n\n\n<h2 class=\"wp-block-heading alignfull has-text-align-center ticss-e4b7435a has-text-color has-background has-link-color wp-elements-d39adff93ba89e13fb6343b8306731fd\" style=\"color:#02244d;background-color:#ffbf00;font-size:31px\"><strong>FAQ<\/strong><\/h2>\n\n\n\n<div id=\"wp-block-themeisle-blocks-accordion-ab94825c\" data-has-schema=\"false\" class=\"wp-block-themeisle-blocks-accordion exclusive no-gap  is-style-default\">\n<details class=\"wp-block-themeisle-blocks-accordion-item\"><summary class=\"wp-block-themeisle-blocks-accordion-item__title\"><div><strong>\u00bfCu\u00e1les son las p\u00e1ginas web m\u00e1s fiables para consultar el tiempo en Tenerife?<\/strong><\/div><\/summary><div class=\"wp-block-themeisle-blocks-accordion-item__content\">\n<p>Para conocer las previsiones meteorol\u00f3gicas precisas y actualizadas de Tenerife, le recomendamos que consulte:<\/p>\n\n\n\n<ul class=\"wp-block-list\">\n<li><strong>AEMET<\/strong> (Agencia Estatal de Meteorolog\u00eda) - <a href=\"https:\/\/www.aemet.es\/\">www.aemet.es<\/a><\/li>\n\n\n\n<li><strong>MeteoBlue<\/strong> - <a href=\"https:\/\/www.meteoblue.com\/\">www.meteoblue.com<\/a><\/li>\n\n\n\n<li><strong>Windy<\/strong> - <a href=\"https:\/\/www.windy.com\/\">www.windy.com<\/a> (ideal para el viento y la cobertura de nubes)<\/li>\n<\/ul>\n\n\n\n<p>Estas fuentes proporcionan actualizaciones en tiempo real y previsiones detalladas, ayud\u00e1ndole a planificar sus actividades en funci\u00f3n de las \u00faltimas condiciones meteorol\u00f3gicas.<\/p>\n<\/div><\/details>\n\n\n\n<details class=\"wp-block-themeisle-blocks-accordion-item\"><summary class=\"wp-block-themeisle-blocks-accordion-item__title\"><div><strong><strong>\u00bfPUEDO CONSULTAR EL TIEMPO EN TIEMPO REAL?<\/strong><\/strong><\/div><\/summary><div class=\"wp-block-themeisle-blocks-accordion-item__content\">\n<p>S\u00ed, puede comprobar las condiciones meteorol\u00f3gicas en tiempo real visitando nuestra p\u00e1gina de webcams en directo. Haga clic en <a href=\"https:\/\/nabilaexperience.com\/es\/tenerife-camaras-web-directo\/\" title=\"C\u00c1MARAS WEB EN DIRECTO\">aqu\u00ed<\/a> para ver el tiempo actual en Tenerife<\/p>\n<\/div><\/details>\n\n\n\n<details class=\"wp-block-themeisle-blocks-accordion-item\"><summary class=\"wp-block-themeisle-blocks-accordion-item__title\"><div><strong>\u00bfQu\u00e9 tiempo hace en Tenerife a lo largo del a\u00f1o?<\/strong><\/div><\/summary><div class=\"wp-block-themeisle-blocks-accordion-item__content\">\n<p>Tenerife tiene temperaturas suaves todo el a\u00f1o, con veranos c\u00e1lidos e inviernos suaves. El sur es m\u00e1s soleado y seco, mientras que el norte es m\u00e1s verde y h\u00famedo.<\/p>\n<\/div><\/details>\n\n\n\n<details class=\"wp-block-themeisle-blocks-accordion-item\"><summary class=\"wp-block-themeisle-blocks-accordion-item__title\"><div><strong>\u00bfLlueve mucho en Tenerife?<\/strong><\/div><\/summary><div class=\"wp-block-themeisle-blocks-accordion-item__content\">\n<p>La lluvia es rara en la costa sur, pero m\u00e1s frecuente en el norte, sobre todo en invierno. En general, la isla tiene un clima seco en comparaci\u00f3n con muchos destinos europeos.<\/p>\n<\/div><\/details>\n\n\n\n<details class=\"wp-block-themeisle-blocks-accordion-item\"><summary class=\"wp-block-themeisle-blocks-accordion-item__title\"><div><strong>\u00bfCu\u00e1l es la mejor \u00e9poca para visitar Tenerife y disfrutar del buen tiempo?<\/strong><\/div><\/summary><div class=\"wp-block-themeisle-blocks-accordion-item__content\">\n<p>Tenerife es un destino para todo el a\u00f1o, pero para garantizar el sol, los mejores meses son de mayo a octubre. Los meses de invierno siguen siendo c\u00e1lidos, pero las lluvias ocasionales son m\u00e1s probables en el norte.<\/p>\n<\/div><\/details>\n\n\n\n<details class=\"wp-block-themeisle-blocks-accordion-item\"><summary class=\"wp-block-themeisle-blocks-accordion-item__title\"><div><strong>\u00bfHace suficiente calor para ba\u00f1arse en el mar todo el a\u00f1o?<\/strong><\/div><\/summary><div class=\"wp-block-themeisle-blocks-accordion-item__content\">\n<p>S\u00ed. El oc\u00e9ano Atl\u00e1ntico que rodea Tenerife se mantiene entre 19\u00b0C y 24\u00b0C, por lo que es posible ba\u00f1arse incluso en invierno.<\/p>\n<\/div><\/details>\n\n\n\n<details class=\"wp-block-themeisle-blocks-accordion-item\"><summary class=\"wp-block-themeisle-blocks-accordion-item__title\"><div><strong>\u00bfCu\u00e1nto fr\u00edo hace en el Teide?<\/strong><\/div><\/summary><div class=\"wp-block-themeisle-blocks-accordion-item__content\">\n<p>El Teide puede ser muy fr\u00edo, sobre todo en invierno, con temperaturas bajo cero y nevadas ocasionales. Es mejor llevar ropa de abrigo si piensa visitarlo.<\/p>\n<\/div><\/details>\n\n\n\n<details class=\"wp-block-themeisle-blocks-accordion-item\"><summary class=\"wp-block-themeisle-blocks-accordion-item__title\"><div><strong>\u00bfHace mucho calor en Tenerife en verano?<\/strong><\/div><\/summary><div class=\"wp-block-themeisle-blocks-accordion-item__content\">\n<p>Los veranos son c\u00e1lidos pero no extremos, normalmente entre 25\u00b0C y 30\u00b0C. La brisa marina mantiene las temperaturas agradables, sobre todo en la costa.<\/p>\n<\/div><\/details>\n\n\n\n<details class=\"wp-block-themeisle-blocks-accordion-item\"><summary class=\"wp-block-themeisle-blocks-accordion-item__title\"><div><strong>\u00bfSon fr\u00edas las noches en Tenerife?<\/strong><\/div><\/summary><div class=\"wp-block-themeisle-blocks-accordion-item__content\">\n<p>Las tardes suelen ser suaves, pero en invierno las temperaturas pueden bajar hasta unos 15\u00b0C. Se recomienda llevar una chaqueta ligera o un jersey, sobre todo en el norte o a mayor altitud.<\/p>\n<\/div><\/details>\n\n\n\n<details class=\"wp-block-themeisle-blocks-accordion-item\"><summary class=\"wp-block-themeisle-blocks-accordion-item__title\"><div><strong>\u00bfEs alto el \u00edndice UV en Tenerife?<\/strong><\/div><\/summary><div class=\"wp-block-themeisle-blocks-accordion-item__content\">\n<p>S\u00ed, Tenerife tiene una fuerte exposici\u00f3n al sol durante todo el a\u00f1o. La crema solar, las gafas de sol y un sombrero son esenciales para protegerse de los rayos UV.<\/p>\n<\/div><\/details>\n\n\n\n<details class=\"wp-block-themeisle-blocks-accordion-item\"><summary class=\"wp-block-themeisle-blocks-accordion-item__title\"><div><strong>\u00bfHay mucha diferencia entre el norte y el sur de Tenerife?<\/strong><\/div><\/summary><div class=\"wp-block-themeisle-blocks-accordion-item__content\">\n<p>S\u00ed, el sur es m\u00e1s c\u00e1lido, soleado y seco, mientras que el norte es m\u00e1s fresco, verde y lluvioso. Si prefiere unas vacaciones de playa, el sur es ideal.<\/p>\n<\/div><\/details>\n\n\n\n<details class=\"wp-block-themeisle-blocks-accordion-item\"><summary class=\"wp-block-themeisle-blocks-accordion-item__title\"><div><strong>\u00bfCambia r\u00e1pidamente el tiempo en Tenerife?<\/strong><\/div><\/summary><div class=\"wp-block-themeisle-blocks-accordion-item__content\">\n<p>S\u00ed, debido a los microclimas de la isla, el tiempo puede variar significativamente incluso en distancias cortas. Puede ser soleado en la costa y nublado o lluvioso en el interior o a mayor altitud.<\/p>\n<\/div><\/details>\n\n\n\n<details class=\"wp-block-themeisle-blocks-accordion-item\"><summary class=\"wp-block-themeisle-blocks-accordion-item__title\"><div><strong>\u00bfNecesito aire acondicionado en mi apartamento de vacaciones en Tenerife?<\/strong><\/div><\/summary><div class=\"wp-block-themeisle-blocks-accordion-item__content\">\n<p>En el sur de Tenerife, donde las temperaturas son c\u00e1lidas todo el a\u00f1o, se recomienda el aire acondicionado, sobre todo en verano. En el norte y a mayor altitud, el clima es m\u00e1s fresco, y la mayor\u00eda de los alojamientos no lo necesitan. Si va a visitarnos entre junio y septiembre o es sensible al calor, es mejor reservar un apartamento con aire acondicionado para una estancia m\u00e1s c\u00f3moda.<\/p>\n<\/div><\/details>\n\n\n\n<details class=\"wp-block-themeisle-blocks-accordion-item\"><summary class=\"wp-block-themeisle-blocks-accordion-item__title\"><div><strong>\u00bfQU\u00c9 ES LA CALIMA Y C\u00d3MO AFECTA A MI ESTANCIA EN TENERIFE?<\/strong><\/div><\/summary><div class=\"wp-block-themeisle-blocks-accordion-item__content\">\n<p>La calima es un fen\u00f3meno meteorol\u00f3gico que se produce cuando los vientos del desierto del Sahara traen aire c\u00e1lido y polvoriento a Tenerife, especialmente durante los meses de verano. Puede reducir la visibilidad y elevar las temperaturas, haciendo que la isla parezca m\u00e1s calurosa de lo habitual. Para mantenerse c\u00f3modo, se recomienda hidratarse, evitar la exposici\u00f3n prolongada al sol y llevar gafas de sol para protegerse los ojos del polvo.<\/p>\n<\/div><\/details>\n<\/div>\n\n\n\n<div style=\"height:50px\" aria-hidden=\"true\" class=\"wp-block-spacer\"><\/div>\n\n\n\n<h4 class=\"wp-block-heading alignwide has-text-align-center has-white-color has-text-color has-link-color wp-elements-7ea9f1040d0b3c3e9c36afdc0fbad6f2\" style=\"font-size:25px\">\u00bfNo sabe qu\u00e9 llevar de viaje?<\/h4>\n\n\n\n<div style=\"height:10px\" aria-hidden=\"true\" class=\"wp-block-spacer\"><\/div>\n\n\n\n<h4 class=\"wp-block-heading alignwide has-text-align-center has-white-color has-text-color has-link-color wp-elements-c5936f67b75746b675c0b100936afc1c\" style=\"font-size:25px\">\u00a1Descubre todo lo que necesitas en nuestra gu\u00eda para hacer la maleta!<\/h4>\n\n\n\n<div style=\"height:30px\" aria-hidden=\"true\" class=\"wp-block-spacer\"><\/div>\n\n\n\n<div class=\"wp-block-buttons alignwide is-content-justification-center is-layout-flex wp-container-core-buttons-is-layout-5e6b19ed wp-block-buttons-is-layout-flex\">\n<div class=\"wp-block-button has-custom-font-size\" style=\"font-size:19px\"><a class=\"wp-block-button__link wp-element-button\" href=\"https:\/\/nabilaexperience.com\/es\/que-llevar-a-tenerife\/\" style=\"border-radius:5px\"><strong>QU\u00c9 LLEVAR<\/strong><\/a><\/div>\n<\/div>\n\n\n\n<div style=\"height:75px\" aria-hidden=\"true\" class=\"wp-block-spacer\"><\/div>","protected":false},"excerpt":{"rendered":"<p>WEATHER &amp; CLIMATE WEATHER &amp; CLIMATE OCEAN TEMPERATURE FAQ Not sure what to bring for your trip? Find out everything you need in our packing guide!<\/p>","protected":false},"author":1,"featured_media":8048,"parent":0,"menu_order":0,"comment_status":"closed","ping_status":"closed","template":"","meta":{"_acf_changed":false,"ocean_post_layout":"","ocean_both_sidebars_style":"","ocean_both_sidebars_content_width":0,"ocean_both_sidebars_sidebars_width":0,"ocean_sidebar":"","ocean_second_sidebar":"","ocean_disable_margins":"enable","ocean_add_body_class":"","ocean_shortcode_before_top_bar":"","ocean_shortcode_after_top_bar":"","ocean_shortcode_before_header":"","ocean_shortcode_after_header":"","ocean_has_shortcode":"","ocean_shortcode_after_title":"","ocean_shortcode_before_footer_widgets":"","ocean_shortcode_after_footer_widgets":"","ocean_shortcode_before_footer_bottom":"","ocean_shortcode_after_footer_bottom":"","ocean_display_top_bar":"default","ocean_display_header":"default","ocean_header_style":"","ocean_center_header_left_menu":"","ocean_custom_header_template":"","ocean_custom_logo":0,"ocean_custom_retina_logo":0,"ocean_custom_logo_max_width":0,"ocean_custom_logo_tablet_max_width":0,"ocean_custom_logo_mobile_max_width":0,"ocean_custom_logo_max_height":0,"ocean_custom_logo_tablet_max_height":0,"ocean_custom_logo_mobile_max_height":0,"ocean_header_custom_menu":"","ocean_menu_typo_font_family":"","ocean_menu_typo_font_subset":"","ocean_menu_typo_font_size":0,"ocean_menu_typo_font_size_tablet":0,"ocean_menu_typo_font_size_mobile":0,"ocean_menu_typo_font_size_unit":"px","ocean_menu_typo_font_weight":"","ocean_menu_typo_font_weight_tablet":"","ocean_menu_typo_font_weight_mobile":"","ocean_menu_typo_transform":"","ocean_menu_typo_transform_tablet":"","ocean_menu_typo_transform_mobile":"","ocean_menu_typo_line_height":0,"ocean_menu_typo_line_height_tablet":0,"ocean_menu_typo_line_height_mobile":0,"ocean_menu_typo_line_height_unit":"","ocean_menu_typo_spacing":0,"ocean_menu_typo_spacing_tablet":0,"ocean_menu_typo_spacing_mobile":0,"ocean_menu_typo_spacing_unit":"","ocean_menu_link_color":"","ocean_menu_link_color_hover":"","ocean_menu_link_color_active":"","ocean_menu_link_background":"","ocean_menu_link_hover_background":"","ocean_menu_link_active_background":"","ocean_menu_social_links_bg":"","ocean_menu_social_hover_links_bg":"","ocean_menu_social_links_color":"","ocean_menu_social_hover_links_color":"","ocean_disable_title":"default","ocean_disable_heading":"default","ocean_post_title":"","ocean_post_subheading":"","ocean_post_title_style":"","ocean_post_title_background_color":"","ocean_post_title_background":0,"ocean_post_title_bg_image_position":"","ocean_post_title_bg_image_attachment":"","ocean_post_title_bg_image_repeat":"","ocean_post_title_bg_image_size":"","ocean_post_title_height":0,"ocean_post_title_bg_overlay":0.5,"ocean_post_title_bg_overlay_color":"","ocean_disable_breadcrumbs":"default","ocean_breadcrumbs_color":"","ocean_breadcrumbs_separator_color":"","ocean_breadcrumbs_links_color":"","ocean_breadcrumbs_links_hover_color":"","ocean_display_footer_widgets":"default","ocean_display_footer_bottom":"default","ocean_custom_footer_template":"","_themeisle_gutenberg_block_has_review":false,"footnotes":""},"class_list":["post-8221","page","type-page","status-publish","has-post-thumbnail","hentry","entry","has-media","owp-thumbs-layout-vertical","owp-btn-very-big","owp-tabs-layout-horizontal","has-no-thumbnails"],"acf":[],"aioseo_notices":[],"jetpack_sharing_enabled":true,"_links":{"self":[{"href":"https:\/\/nabilaexperience.com\/es\/wp-json\/wp\/v2\/pages\/8221","targetHints":{"allow":["GET"]}}],"collection":[{"href":"https:\/\/nabilaexperience.com\/es\/wp-json\/wp\/v2\/pages"}],"about":[{"href":"https:\/\/nabilaexperience.com\/es\/wp-json\/wp\/v2\/types\/page"}],"author":[{"embeddable":true,"href":"https:\/\/nabilaexperience.com\/es\/wp-json\/wp\/v2\/users\/1"}],"replies":[{"embeddable":true,"href":"https:\/\/nabilaexperience.com\/es\/wp-json\/wp\/v2\/comments?post=8221"}],"version-history":[{"count":245,"href":"https:\/\/nabilaexperience.com\/es\/wp-json\/wp\/v2\/pages\/8221\/revisions"}],"predecessor-version":[{"id":10356,"href":"https:\/\/nabilaexperience.com\/es\/wp-json\/wp\/v2\/pages\/8221\/revisions\/10356"}],"wp:featuredmedia":[{"embeddable":true,"href":"https:\/\/nabilaexperience.com\/es\/wp-json\/wp\/v2\/media\/8048"}],"wp:attachment":[{"href":"https:\/\/nabilaexperience.com\/es\/wp-json\/wp\/v2\/media?parent=8221"}],"curies":[{"name":"wp","href":"https:\/\/api.w.org\/{rel}","templated":true}]}}